{"id":605,"date":"2018-03-05T12:50:10","date_gmt":"2018-03-05T17:50:10","guid":{"rendered":"http:\/\/www.jardinsdumondrain.com\/?page_id=605"},"modified":"2021-03-18T11:01:45","modified_gmt":"2021-03-18T15:01:45","slug":"annee-2018","status":"publish","type":"page","link":"https:\/\/lesjardinsdumondrain.com\/?page_id=605","title":{"rendered":"Ann\u00e9e 2018"},"content":{"rendered":"<h3><span style=\"font-size: 16px;\"><strong><span style=\"color: #800000;\">8 septembre 2018 &#8211; D\u00e9voilement de l&rsquo;enseigne des Jardins<\/span><\/strong><\/span><\/h3>\n<p align=\"JUSTIFY\"><span style=\"font-family: georgia,palatino,serif;\">C&rsquo;est sous un soleil radieux et une l\u00e9g\u00e8re brise\u00a0quelque peu frisquette que se sont rencontr\u00e9s une vingtaine de membres, \u00e0 l&rsquo;invitation du Bureau de direction, pour le d\u00e9voilement de l&rsquo;enseigne des <em>Jardins du Mondrain<\/em>, le 8 septembre dernier.\u00a0\u00c0 l&rsquo;ordre du jour, quatre activit\u00e9s dont le d\u00e9voilement de l&rsquo;impressionnante et flamboyante enseigne des <em>Jardins du Mondrain<\/em> aux couleurs du logo officiel. Nul besoin de souligner que les membres du Bureau \u00e9taient tr\u00e8s fiers de cette\u00a0nouvelle r\u00e9alisation.<\/span><\/p>\n<p><span style=\"font-family: georgia,palatino,serif;\"><img loading=\"lazy\" decoding=\"async\" class=\"aligncenter wp-image-978\" src=\"https:\/\/lesjardinsdumondrain.com\/wp-content\/uploads\/2018\/09\/20180908_Jacques_7.jpg\" alt=\"\" width=\"600\" height=\"400\" \/><\/span><a href=\"https:\/\/www.lesjardinsdumondrain.com\/wp-content\/uploads\/2018\/09\/20180908_Enseigne_Richard_7600-b-1.jpg\"><img loading=\"lazy\" decoding=\"async\" class=\"aligncenter wp-image-919\" src=\"http:\/\/www.lesjardinsdumondrain.com\/wp-content\/uploads\/2018\/09\/20180908_Enseigne_Richard_7600-b-1-2000x1343.jpg\" alt=\"\" width=\"600\" height=\"403\" \/><\/a><\/p>\n<p align=\"JUSTIFY\"><span style=\"font-family: georgia,palatino,serif;\">Ce d\u00e9voilement s&rsquo;est fait\u00a0en pr\u00e9sence m\u00eame de l&rsquo;ancien propri\u00e9taire, M. L\u00e9vis Claveau,\u00a0qui s&rsquo;est vu d\u00e9cerner une plaque\u00a0le d\u00e9clarant \u00ab <em>membre honoraire en reconnaissance de son action exceptionnelle et d\u00e9terminante pour l&rsquo;association<\/em>. \u00bb<\/span><\/p>\n<p align=\"JUSTIFY\">S&rsquo;en est suivi un repas champ\u00eatre autour de deux tables\u00a0bien garnies de tomates cerises et de paniers de\u00a0prunes fra\u00eechement cueillies,\u00a0d\u00e9cor\u00e9es d&rsquo;hydrang\u00e9es\u00a0par Camille et Claude.\u00a0Comme d&rsquo;habitude, Richard n&rsquo;a pas manqu\u00e9 de nous tirer le portrait\u00a0alors que sa toute d\u00e9vou\u00e9e Huguette\u00a0nous faisait d\u00e9guster\u00a0ses d\u00e9licieuses sandwiches \u00e0 saveur de fruits de mer et ses brownies.\u00a0Tout cela avant que Camille nous fasse saliver\u00a0devant\u00a0un g\u00e9n\u00e9reux g\u00e2teau aux carottes et des tartelettes au sirop d&rsquo;\u00e9rable. Bref, le tout \u00e9tait bien agenc\u00e9 et calcul\u00e9 pour\u00a0faire le plein de calories en pr\u00e9vision de deux autres activit\u00e9s qui nous attendaient.<\/p>\n<p align=\"JUSTIFY\">Quoi de mieux pour br\u00fbler ces \u00e9normes r\u00e9serves de calories qu&rsquo;une promenade au pas l\u00e9ger dans les sentiers r\u00e9cemment am\u00e9nag\u00e9s par Pierre-Paul,\u00a0nous permettant\u00a0de faire le tour\u00a0 du Jardin, en longeant la haie brise-vent plant\u00e9e l&rsquo;automne dernier et la r\u00e9cente pouponni\u00e8re am\u00e9nag\u00e9e cet \u00e9t\u00e9. Ce long p\u00e9riple \u00e0 travers les bois et sous-bois de la propri\u00e9t\u00e9 nous a permis de mieux appr\u00e9cier l&rsquo;amplitude\u00a0de la t\u00e2che \u00e0 accomplir pour\u00a0l&rsquo;am\u00e9nagement de ce territoire. Une oeuvre de longue haleine qui n\u00e9cessitera autant d&rsquo;imagination et de rationalit\u00e9 que de sueurs et\u00a0de graisse de bras, de moyens financiers\u00a0et de temps\u00a0!<\/p>\n<p align=\"JUSTIFY\">Finalement, pour boucler la bouche, Claire nous avait invit\u00e9s \u00e0 lui donner une coup de main, de pelle\u00a0ou de pioche, pour la mise en terre de\u00a0quelques plantes\u00a0d\u00e9coratives\u00a0 autour de la grande enseigne. Merci \u00e0 tous les membres pr\u00e9sents et pr\u00e9sentes \u00e0 l&rsquo;inauguration et aux b\u00e9n\u00e9voles qui ont su r\u00e9sister\u00a0\u00e0 la tentation d&rsquo;aller faire la sieste apr\u00e8s le pique-nique.<\/p>\n<p align=\"JUSTIFY\">Pour mieux sentir\u00a0l&rsquo;atmosph\u00e8re\u00a0de l&rsquo;\u00e9v\u00e9nement,\u00a0rendez-vous\u00a0\u00e0 la galerie de photos ici m\u00eame au menu horizontal.<\/p>\n<p align=\"JUSTIFY\">Jacques Dionne, webmestre<\/p>\n<h3><strong><span style=\"color: #800000;\">12 ao\u00fbt 2018 &#8211; <a style=\"color: #800000;\" href=\"http:\/\/lesjardinsdumondrain.com\/documents\/Prix de la S\u00c9PAQ.pdf\" target=\"_blank\" rel=\"noopener noreferrer\">Remise de prix par la S\u00c9PAQ<\/a><\/span><\/strong><\/h3>\n<p style=\"text-align: justify;\"><span style=\"font-family: georgia,palatino,serif; font-size: 16px;\"><span lang=\"fr-CA\">Les membres du bureau de direction des <\/span><span lang=\"fr-CA\"><b>Jardins du Mondrain<\/b><\/span><span lang=\"fr-CA\"> ont le plaisir de vous annoncer que notre projet de revitalisation de l\u2019ancienne sabli\u00e8re a attir\u00e9 l\u2019attention. En juin dernier, nous avions r\u00e9pondu \u00e0 l\u2019invitation de Mme\u00a0Lyne Morissette de la Soci\u00e9t\u00e9 des \u00e9tablissements de plein air du Qu\u00e9bec (SEPAQ) \u00e0 poser la candidature des Jardins du Mondrain \u00e0 la premi\u00e8re \u00e9dition des <\/span><span lang=\"fr-FR\"><b>Bons coups de la Conservation de la S\u00c9PAQ en collaboration avec M-Expertise Marine. <\/b><\/span><span lang=\"fr-FR\">Suite \u00e0 l\u2019analyse de notre dossier, nous avons re\u00e7u l\u2019annonce que nous \u00e9tions parmi les laur\u00e9ats 2018.<\/span><\/span><\/p>\n<p lang=\"fr-FR\"><span style=\"color: #000000;\">\u00a0<\/span><span style=\"color: #000000; font-family: georgia,palatino,serif; font-size: 16px;\"><span lang=\"fr-FR\">Voici sa r\u00e9ponse \u00e0 notre candidature\u00a0:<\/span><\/span><\/p>\n<p style=\"text-align: justify;\"><span style=\"color: #000000; font-family: georgia,palatino,serif; font-size: 16px;\"><span lang=\"fr-FR\"><i>Dans le cadre de la premi\u00e8re \u00e9dition des Bons coups de la Conservation de la S\u00c9PAQ en collaboration avec M-Expertise Marine, vous avez \u00e9t\u00e9 s\u00e9lectionn\u00e9 pour recevoir un prix au nom des Jardins du Mondrain. Nous avons \u00e9t\u00e9 charm\u00e9s par la vision, la passion et le d\u00e9vouement de votre \u00e9quipe \u00e0 am\u00e9liorer la qualit\u00e9 de vie de vos concitoyens en rendant accessibles les infrastructures pour l\u2019agriculture et la foresterie communautaires et \u00e0 sensibiliser la population \u00e0 la protection de l\u2019environnement pour les g\u00e9n\u00e9rations futures.\u00a0<\/i><\/span><\/span><\/p>\n<p lang=\"fr-FR\" style=\"text-align: justify;\"><span style=\"font-size: 16px;\"><span style=\"color: #000000;\"><a href=\"https:\/\/www.lesjardinsdumondrain.com\/wp-content\/uploads\/2018\/08\/Remise-de-pric_201820180812.jpg\" target=\"_blank\" rel=\"noopener noreferrer\"><img loading=\"lazy\" decoding=\"async\" class=\"alignright wp-image-879\" src=\"http:\/\/www.lesjardinsdumondrain.com\/wp-content\/uploads\/2018\/08\/Remise-de-pric_201820180812.jpg\" alt=\"\" width=\"330\" height=\"330\" srcset=\"https:\/\/lesjardinsdumondrain.com\/wp-content\/uploads\/2018\/08\/Remise-de-pric_201820180812.jpg 728w, https:\/\/lesjardinsdumondrain.com\/wp-content\/uploads\/2018\/08\/Remise-de-pric_201820180812-150x150.jpg 150w\" sizes=\"auto, (max-width: 330px) 100vw, 330px\" \/><\/a><\/span><span style=\"font-family: georgia,palatino,serif;\"><span style=\"color: #000000;\"><i>Durant toute la saison estivale, le Parc du Bic accueillera ces h\u00e9ros de la conservation dont vous faites partie, afin que les visiteurs puissent d\u00e9couvrir vos bons coups et en \u00eatre inspir\u00e9s. Une remise de prix officielle se fera \u00e0 ce moment.<\/i><\/span><span style=\"color: #000000;\">\u00a0<\/span><\/span><\/span><\/p>\n<p style=\"text-align: justify;\"><span style=\"font-family: georgia,palatino,serif; font-size: 16px;\"><span style=\"color: #000000;\"><span lang=\"fr-FR\"><i>En cons\u00e9quence, la prochaine \u00e9tape pour vous\u00a0serait de confirmer <\/i><\/span><\/span><span style=\"color: #000000;\"><span lang=\"fr-FR\"><i>l\u2019acceptation de ce prix avec la responsable SEPAQ, M\u00e9lanie Sabourin (en copie \u00e0 ce message), qui pourra voir avec vous\u00a0<\/i><\/span><\/span><span style=\"color: #000000;\"><span lang=\"fr-FR\"><i>la date<\/i><\/span><\/span><span style=\"color: #000000;\"><span lang=\"fr-FR\"><i>\u00a0qui vous convient le mieux pour cet \u00e9v\u00e8nement.<\/i><\/span><\/span><span style=\"color: #000000;\">\u00a0<\/span><\/span><\/p>\n<p lang=\"fr-FR\" style=\"text-align: justify;\"><span style=\"font-family: georgia,palatino,serif; font-size: 16px;\"><span style=\"color: #000000;\"><i>BRAVO, merci de faire une diff\u00e9rence pour notre environnement, et n\u2019h\u00e9sitez pas \u00e0 nous contacter si vous avez des questions.<\/i><\/span><span style=\"color: #000000;\">\u00a0<\/span><\/span><\/p>\n<p style=\"text-align: justify;\"><span style=\"color: #000000; font-family: georgia,palatino,serif; font-size: 16px;\"><span lang=\"fr-FR\"><i>L\u2019\u00e9quipe des Bons coups de la conservation\u00a02018<\/i><\/span><\/span><\/p>\n<h3><span style=\"font-size: 16px;\"><strong><span style=\"color: #800000;\">4\u00a0avril 2018 &#8211; Assembl\u00e9e g\u00e9n\u00e9rale annuelle<\/span><\/strong><\/span><\/h3>\n<p style=\"text-align: justify;\" align=\"JUSTIFY\"><span style=\"font-family: georgia,palatino,serif; font-size: 16px;\">Lors de l\u2019assembl\u00e9e g\u00e9n\u00e9rale annuelle de 2018, nous avons pu susciter suffisamment d\u2019int\u00e9r\u00eat pour pourvoir les deux postes vacants. En effet, Mme\u00a0Camille L\u00e9vesque et M.\u00a0Erwann Fraboulet ont accept\u00e9 de relever respectivement le d\u00e9fi de secr\u00e9taire et de vice-pr\u00e9sident des Jardins. Alain Lapierre a, pour sa part, accept\u00e9 le r\u00f4le de tr\u00e9sorier. J\u2019ai confiance que nous puissions exercer nos responsabilit\u00e9s respectives dans d\u2019excellentes conditions! M.\u00a0Pierre-Paul C\u00f4t\u00e9, quant \u00e0 lui, quitte le bureau de direction apr\u00e8s 20 ans d\u2019engagement. Il rejoindra les rangs de nos membres fondateurs toujours actifs\u00a0: un gros merci pour tout le travail accompli!<\/span><\/p>\n<p style=\"text-align: center;\"><a href=\"https:\/\/www.lesjardinsdumondrain.com\/wp-content\/uploads\/2018\/08\/Bureau-de-direction_2018.jpg\" target=\"_blank\" rel=\"noopener noreferrer\"><img loading=\"lazy\" decoding=\"async\" class=\"aligncenter wp-image-806\" src=\"http:\/\/www.lesjardinsdumondrain.com\/wp-content\/uploads\/2018\/08\/Bureau-de-direction_2018-2000x1459.jpg\" alt=\"\" width=\"500\" height=\"365\" \/><\/a><span style=\"font-size: 14px;\">Alain Lapierre, tr\u00e9sorier;\u00a0Camille L\u00e9vesque, secr\u00e9taire;<br \/>\n<\/span><span style=\"font-size: 14px;\">Claire Lepage, pr\u00e9sidente;\u00a0Ewann Fraboulet, vice-pr\u00e9sident<\/span><\/p>\n<p style=\"text-align: justify;\"><span style=\"font-size: 16px;\">Nous poursuivons le travail amorc\u00e9 de consolidation des bases du projet, notre vaste terrain de jeu n\u00e9cessitant une bonne planification dans laquelle l\u2019\u00e9quipe chemine au fil des discussions et des d\u00e9cisions qui doivent \u00eatre prises.<\/span><\/p>\n<p align=\"JUSTIFY\"><span style=\"font-family: georgia,palatino,serif; font-size: 16px;\">Un site de cette envergure permet une certaine latitude, mais n\u00e9cessitera des ressources importantes, tant humaines que financi\u00e8res, que nous souhaitons utiliser \u00e0 bon escient.<\/span><\/p>\n<p align=\"JUSTIFY\"><span style=\"font-family: georgia,palatino,serif; font-size: 16px;\">Outre la haie brise-vent \u00e0 entretenir et l\u2019installation de notre nouvelle enseigne, un enjeu prioritaire est identifi\u00e9, soit l\u2019\u00e9laboration sommaire du plan d\u2019am\u00e9nagement qui deviendra la base des plans d\u00e9taill\u00e9s par secteur.<\/span><\/p>\n<p align=\"JUSTIFY\"><span style=\"font-family: georgia,palatino,serif;\"><span style=\"font-size: medium;\"><span style=\"font-size: 16px;\">Nous avons \u00e0 notre actif quelques \u00ab\u00a0corv\u00e9es\u00a0\u00bb qui d\u00e9montrent votre enthousiasme \u00e0 retrousser vos manches et nous vous remercions pour le temps que vous partagez dans le projet. L\u2019objectif ultime, pour assurer la p\u00e9rennit\u00e9 du projet, est que les membres puissent d\u00e9velopper une bonne connaissance des lieux afin de pouvoir acqu\u00e9rir une certaine autonomie dans les interventions terrains.<\/span> <\/span><\/span><\/p>\n<p align=\"JUSTIFY\"><span style=\"font-family: georgia,palatino,serif; font-size: 16px;\">Nous poursuivons les efforts de communication afin que vous demeuriez au fait de l\u2019avancement des dossiers en cours. Nous recevons r\u00e9guli\u00e8rement des id\u00e9es et commentaires des membres avec grand int\u00e9r\u00eat. M\u00eame s\u2019il est impossible de satisfaire enti\u00e8rement tout le monde, nous enrichissons toutes nos d\u00e9cisions de vos opinions. <\/span><\/p>\n<p align=\"JUSTIFY\"><span style=\"font-family: georgia,palatino,serif; font-size: 16px;\">C\u2019est pour moi une grande fiert\u00e9 que de travailler avec le bureau de direction actuel\u00a0: des gens de qualit\u00e9 avec qui j\u2019ai eu le privil\u00e8ge de travailler ant\u00e9rieurement ou que je d\u00e9couvre d\u00e9j\u00e0 comme tr\u00e8s dynamiques et agr\u00e9ables. <\/span><\/p>\n<p align=\"JUSTIFY\"><span style=\"font-family: georgia,palatino,serif; font-size: 16px;\">Claire Lepage, pr\u00e9sidente<\/span><\/p>\n","protected":false},"excerpt":{"rendered":"<p>8 septembre 2018 &#8211; D\u00e9voilement de l&rsquo;enseigne des Jardins C&rsquo;est sous un soleil radieux et une l\u00e9g\u00e8re brise\u00a0quelque peu frisquette que se sont rencontr\u00e9s une vingtaine de membres, \u00e0 l&rsquo;invitation du Bureau de direction, pour le d\u00e9voilement de l&rsquo;enseigne des &hellip; <a href=\"https:\/\/lesjardinsdumondrain.com\/?page_id=605\">Continuer la lecture <span class=\"meta-nav\">&rarr;<\/span><\/a><\/p>\n","protected":false},"author":1,"featured_media":0,"parent":216,"menu_order":0,"comment_status":"closed","ping_status":"closed","template":"","meta":{"footnotes":""},"class_list":["post-605","page","type-page","status-publish","hentry"],"jetpack_sharing_enabled":true,"_links":{"self":[{"href":"https:\/\/lesjardinsdumondrain.com\/index.php?rest_route=\/wp\/v2\/pages\/605","targetHints":{"allow":["GET"]}}],"collection":[{"href":"https:\/\/lesjardinsdumondrain.com\/index.php?rest_route=\/wp\/v2\/pages"}],"about":[{"href":"https:\/\/lesjardinsdumondrain.com\/index.php?rest_route=\/wp\/v2\/types\/page"}],"author":[{"embeddable":true,"href":"https:\/\/lesjardinsdumondrain.com\/index.php?rest_route=\/wp\/v2\/users\/1"}],"replies":[{"embeddable":true,"href":"https:\/\/lesjardinsdumondrain.com\/index.php?rest_route=%2Fwp%2Fv2%2Fcomments&post=605"}],"version-history":[{"count":12,"href":"https:\/\/lesjardinsdumondrain.com\/index.php?rest_route=\/wp\/v2\/pages\/605\/revisions"}],"predecessor-version":[{"id":1765,"href":"https:\/\/lesjardinsdumondrain.com\/index.php?rest_route=\/wp\/v2\/pages\/605\/revisions\/1765"}],"up":[{"embeddable":true,"href":"https:\/\/lesjardinsdumondrain.com\/index.php?rest_route=\/wp\/v2\/pages\/216"}],"wp:attachment":[{"href":"https:\/\/lesjardinsdumondrain.com\/index.php?rest_route=%2Fwp%2Fv2%2Fmedia&parent=605"}],"curies":[{"name":"wp","href":"https:\/\/api.w.org\/{rel}","templated":true}]}}