{"id":560,"date":"2018-01-21T15:42:14","date_gmt":"2018-01-21T20:42:14","guid":{"rendered":"http:\/\/www.jardinsdumondrain.com\/?page_id=560"},"modified":"2021-01-18T11:24:37","modified_gmt":"2021-01-18T16:24:37","slug":"annee-2017","status":"publish","type":"page","link":"https:\/\/lesjardinsdumondrain.com\/?page_id=560","title":{"rendered":"Ann\u00e9e 2017"},"content":{"rendered":"<h2 style=\"text-align: center;\" align=\"CENTER\"><span style=\"color: #800000;\"><strong>Assembl\u00e9e g\u00e9n\u00e9rale annuelle<\/strong><\/span><\/h2>\n<p style=\"text-align: left;\" align=\"CENTER\"><span style=\"color: #800000;\"><strong>Le 10 mai 2017\u00a0<\/strong> <\/span>&#8211;\u00a0Salle du Conseil de la Municipalit\u00e9 de Saint-Anaclet<\/p>\n<p style=\"text-align: left; padding-left: 120px;\" align=\"CENTER\">\u00a0\u00a0\u00a0\u00a0 Proc\u00e8s-verbal de l&rsquo;Assembl\u00e9e g\u00e9n\u00e9rale annuelle<\/p>\n<h3 align=\"CENTER\"><\/h3>\n<h2 align=\"CENTER\"><span style=\"color: #993300;\"><strong>D\u00eener-rencontre<\/strong><\/span><\/h2>\n<p lang=\"fr-CA\" style=\"text-align: justify;\"><span style=\"color: #993300;\"><strong>Le 26 ao\u00fbt 2017<\/strong><\/span>, un rendez-vous \u00e9tait lanc\u00e9 aux membres des Jardins du Mondrain pour un d\u00eener-rencontre. Un temps ensoleill\u00e9 exceptionnel a \u00e9gay\u00e9 l\u2019\u00e9v\u00e8nement qui se tenait en plein air. Les membres ont d\u2019abord visit\u00e9 les nouveaux sentiers des Jardins du Mondrain, guid\u00e9s par Pierre-Paul. Pendant pr\u00e8s d\u2019une heure, nous avons d\u00e9couvert de riches paysages pr\u00e9serv\u00e9s par les \u00e9crans d\u2019arbres.<\/p>\n<p style=\"text-align: left;\"><a href=\"https:\/\/www.lesjardinsdumondrain.com\/wp-content\/uploads\/2018\/01\/2017_0926_1.jpg\"><img loading=\"lazy\" decoding=\"async\" class=\"aligncenter wp-image-574 size-full\" src=\"https:\/\/lesjardinsdumondrain.com\/wp-content\/uploads\/2018\/01\/2017_0926_1.jpg\" alt=\"\" width=\"821\" height=\"616\" \/><\/a><\/p>\n<p lang=\"fr-CA\" style=\"text-align: justify;\">Au retour de la visite, les gens ont particip\u00e9 \u00e0 une <span style=\"color: #993300;\">\u00e9pluchette de bl\u00e9 d\u2019Inde<\/span> sur les hauteurs des Jardins. La temp\u00e9rature et l\u2019atmosph\u00e8re champ\u00eatre ont contribu\u00e9 \u00e0 \u00e9gayer et \u00e0 souder davantage les membres aux projets communs qui les attendent. Claire Lepage, Alain Lapierre et Pierre-Paul C\u00f4t\u00e9 ont assur\u00e9 la logistique de cette rencontre, organis\u00e9e par Camille et Erwann. Pour ma part, j\u2019avais propos\u00e9 quelques douceurs sucr\u00e9es aux membres pr\u00e9sents.<\/p>\n<p style=\"text-align: left;\"><a href=\"https:\/\/www.lesjardinsdumondrain.com\/wp-content\/uploads\/2018\/01\/2017_0926_2.jpg\"><img loading=\"lazy\" decoding=\"async\" class=\"alignright wp-image-575 size-full\" src=\"https:\/\/lesjardinsdumondrain.com\/wp-content\/uploads\/2018\/01\/2017_0926_2.jpg\" alt=\"\" width=\"777\" height=\"550\" \/><\/a><\/p>\n<p lang=\"fr-CA\" style=\"text-align: justify;\">Apr\u00e8s le repas, Claire, notre pr\u00e9sidente, en a profit\u00e9 pour pr\u00e9senter un bref r\u00e9sum\u00e9 de <span style=\"color: #993300;\">l\u2019assembl\u00e9e g\u00e9n\u00e9rale annuelle<\/span>. Et finalement, en apr\u00e8s-midi, les membres se sont rendus \u00e0 la bordure ouest du terrain o\u00f9 a eu lieu la premi\u00e8re plantation symbolique d\u2019arbres.<\/p>\n<p lang=\"fr-CA\" style=\"text-align: justify;\">Nous avons proc\u00e9d\u00e9 \u00e0 la <span style=\"color: #993300;\">plantation de trois arbres<\/span>, inaugurant officiellement le d\u00e9but des travaux d\u2019am\u00e9nagement des Jardins du Mondrain. Ainsi, Richard Boulanger, en tant que p\u00e8re fondateur, a plant\u00e9 un c\u00e8dre, arbre embl\u00e9matique de notre municipalit\u00e9, suivi par Pierre-Paul C\u00f4t\u00e9 qui a mis en terre la premi\u00e8re \u00e9pinette du brise-vent. Pour terminer, Claire Lepage a plant\u00e9 un ch\u00eane, symbole de puissance et d\u2019avenir.<\/p>\n<p><a href=\"https:\/\/www.lesjardinsdumondrain.com\/wp-content\/uploads\/2018\/01\/2017_0926_3.jpg\"><img loading=\"lazy\" decoding=\"async\" class=\"alignright wp-image-576 size-full\" src=\"https:\/\/lesjardinsdumondrain.com\/wp-content\/uploads\/2018\/01\/2017_0926_3.jpg\" alt=\"\" width=\"1083\" height=\"812\" \/><\/a><br \/>\n<em>Richard plante le premier arbre du brise-vent ouest<\/em><\/p>\n<p><a href=\"https:\/\/www.lesjardinsdumondrain.com\/wp-content\/uploads\/2018\/01\/2017_0926_4.jpg\"><img loading=\"lazy\" decoding=\"async\" class=\"alignright wp-image-577 size-full\" src=\"https:\/\/lesjardinsdumondrain.com\/wp-content\/uploads\/2018\/01\/2017_0926_4.jpg\" alt=\"\" width=\"931\" height=\"698\" \/><\/a><br \/>\n<em>Pierre-Paul plante la premi\u00e8re \u00e9pinette du brise-vent, second\u00e9 par Erwann, un des organisateurs de l\u2019activit\u00e9.<\/em><\/p>\n<p><a href=\"https:\/\/www.lesjardinsdumondrain.com\/wp-content\/uploads\/2018\/01\/2017_0926_5.jpg\"><img loading=\"lazy\" decoding=\"async\" class=\"alignright wp-image-578 size-full\" src=\"https:\/\/lesjardinsdumondrain.com\/wp-content\/uploads\/2018\/01\/2017_0926_5.jpg\" alt=\"\" width=\"789\" height=\"549\" \/><\/a><br \/>\n<em>Claire plantant un petit ch\u00eane, sous l\u2019\u0153il attentif de Pierre-Paul et de France<\/em>.<\/p>\n<p lang=\"fr-CA\" style=\"text-align: justify;\">Les membres ont pos\u00e9 devant la premi\u00e8re plantation officielle des Jardins du Mondrain avant de quitter sur une note positive.<\/p>\n<p><a href=\"https:\/\/www.lesjardinsdumondrain.com\/wp-content\/uploads\/2018\/01\/2017_0926_6.jpg\"><img loading=\"lazy\" decoding=\"async\" class=\"alignright wp-image-579 size-full\" src=\"https:\/\/lesjardinsdumondrain.com\/wp-content\/uploads\/2018\/01\/2017_0926_6.jpg\" alt=\"\" width=\"791\" height=\"577\" \/><\/a><\/p>\n<p lang=\"fr-CA\" style=\"text-align: justify;\">Les futurs projets peuvent maintenant prendre forme. Le travail qui reste \u00e0 faire est titanesque mais si chacun fait un petit geste, qui sait o\u00f9 cela m\u00e8nera? Les Jardins sont source d\u2019engagement que nous nous plaisons \u00e0 qualifier de loisir, tellement il est agr\u00e9able de s\u2019y c\u00f4toyer !<\/p>\n<h3 align=\"CENTER\"><span style=\"color: #993300;\"><strong>Brise-vent ouest, une r\u00e9alit\u00e9<\/strong><\/span><\/h3>\n<p lang=\"fr-CA\" style=\"text-align: justify;\"><span style=\"color: #993300;\"><strong>En\u00a0septembre 2017<\/strong><\/span>, deux rendez-vous \u00e9taient lanc\u00e9s aux membres des Jardins du Mondrain afin de planter des \u00e9pinettes sur la limite ouest pour former un brise-vent. Beau temps ou mauvais temps, plusieurs b\u00e9n\u00e9voles ont r\u00e9pondu \u00e0 l\u2019appel avec pelles, r\u00e2teaux, chaudi\u00e8res et courage.<\/p>\n<p><a href=\"http:\/\/www.lesjardinsdumondrain.com\/wp-content\/uploads\/2018\/01\/2017_0902_1.jpg\"><br \/>\n<\/a><a href=\"https:\/\/www.lesjardinsdumondrain.com\/wp-content\/uploads\/2018\/01\/2017_0902_1.jpg\"><img loading=\"lazy\" decoding=\"async\" class=\"alignright wp-image-587 size-full\" src=\"https:\/\/lesjardinsdumondrain.com\/wp-content\/uploads\/2018\/01\/2017_0902_1.jpg\" alt=\"\" width=\"1321\" height=\"661\" \/><\/a><\/p>\n<p lang=\"fr-CA\" style=\"text-align: justify;\">Claire Lepage avait d\u00e9j\u00e0 apport\u00e9 plusieurs b\u00e9b\u00e9s \u00e9pinettes, pr\u00e9lev\u00e9s dans un talus avec l\u2019autorisation du propri\u00e9taire; ces plants \u00e9taient destin\u00e9s \u00e0 finir sous la d\u00e9broussailleuse. D\u2019autre part, Pierre-Paul C\u00f4t\u00e9 r\u00e9cup\u00e9rait des sp\u00e9cimens de plus gros calibre sur le terrain des Jardins du Mondrain afin de les replanter dans la haie brise-vent. Ces derniers \u00e9tant situ\u00e9s dans un secteur encore exploitable de la carri\u00e8re, ils ont ainsi \u00e9t\u00e9 sauv\u00e9s de la pelle m\u00e9canique.<\/p>\n<p><a href=\"https:\/\/www.lesjardinsdumondrain.com\/wp-content\/uploads\/2018\/01\/2017_0902_2.jpg\"><img loading=\"lazy\" decoding=\"async\" class=\"alignright wp-image-588 size-full\" src=\"https:\/\/lesjardinsdumondrain.com\/wp-content\/uploads\/2018\/01\/2017_0902_2.jpg\" alt=\"\" width=\"1320\" height=\"668\" \/><\/a><\/p>\n<p lang=\"fr-CA\" style=\"text-align: justify;\">Pendant que certains membres mesuraient et creusaient pour pr\u00e9parer la plantation des arbres, d\u2019autres r\u00e2telaient et ramassaient les roches. Pierre-Paul, toujours disponible pour n\u2019importe laquelle des t\u00e2ches, disposait des roches et r\u00e9sidus amass\u00e9s sur le terrain, avec l\u2019aide de comp\u00e8res tr\u00e8s int\u00e9ress\u00e9s par la promenade en quatre-roues.<\/p>\n<p><a href=\"https:\/\/www.lesjardinsdumondrain.com\/wp-content\/uploads\/2018\/01\/2017_0902_3.jpg\"><img loading=\"lazy\" decoding=\"async\" class=\"alignright wp-image-589 size-full\" src=\"https:\/\/lesjardinsdumondrain.com\/wp-content\/uploads\/2018\/01\/2017_0902_3.jpg\" alt=\"\" width=\"1318\" height=\"976\" \/><\/a><\/p>\n<p lang=\"fr-CA\" style=\"text-align: justify;\">\u00c0 la fin des travaux, quelle n\u2019\u00e9tait pas notre fiert\u00e9 d\u2019avoir accompli une action collective qui donnait une toute nouvelle image aux Jardins du Mondrain. En plus, les premiers jalons de notre empreinte sur cette ancienne carri\u00e8re \u00e9taient pos\u00e9s, donnant l\u2019envol aux futurs am\u00e9nagements. Une image vaut mille mots.<\/p>\n<p><a href=\"https:\/\/www.lesjardinsdumondrain.com\/wp-content\/uploads\/2018\/01\/2017_0902_4.jpg\"><img loading=\"lazy\" decoding=\"async\" class=\"alignright wp-image-590 size-full\" src=\"https:\/\/lesjardinsdumondrain.com\/wp-content\/uploads\/2018\/01\/2017_0902_4.jpg\" alt=\"\" width=\"1320\" height=\"589\" \/><\/a><\/p>\n<p>Camille L\u00e9vesque, pour les Jardins du Mondrain<\/p>\n","protected":false},"excerpt":{"rendered":"<p>Assembl\u00e9e g\u00e9n\u00e9rale annuelle Le 10 mai 2017\u00a0 &#8211;\u00a0Salle du Conseil de la Municipalit\u00e9 de Saint-Anaclet \u00a0\u00a0\u00a0\u00a0 Proc\u00e8s-verbal de l&rsquo;Assembl\u00e9e g\u00e9n\u00e9rale annuelle D\u00eener-rencontre Le 26 ao\u00fbt 2017, un rendez-vous \u00e9tait lanc\u00e9 aux membres des Jardins du Mondrain pour un d\u00eener-rencontre. Un &hellip; <a href=\"https:\/\/lesjardinsdumondrain.com\/?page_id=560\">Continuer la lecture <span class=\"meta-nav\">&rarr;<\/span><\/a><\/p>\n","protected":false},"author":1,"featured_media":0,"parent":216,"menu_order":0,"comment_status":"closed","ping_status":"closed","template":"","meta":{"footnotes":""},"class_list":["post-560","page","type-page","status-publish","hentry"],"jetpack_sharing_enabled":true,"_links":{"self":[{"href":"https:\/\/lesjardinsdumondrain.com\/index.php?rest_route=\/wp\/v2\/pages\/560","targetHints":{"allow":["GET"]}}],"collection":[{"href":"https:\/\/lesjardinsdumondrain.com\/index.php?rest_route=\/wp\/v2\/pages"}],"about":[{"href":"https:\/\/lesjardinsdumondrain.com\/index.php?rest_route=\/wp\/v2\/types\/page"}],"author":[{"embeddable":true,"href":"https:\/\/lesjardinsdumondrain.com\/index.php?rest_route=\/wp\/v2\/users\/1"}],"replies":[{"embeddable":true,"href":"https:\/\/lesjardinsdumondrain.com\/index.php?rest_route=%2Fwp%2Fv2%2Fcomments&post=560"}],"version-history":[{"count":7,"href":"https:\/\/lesjardinsdumondrain.com\/index.php?rest_route=\/wp\/v2\/pages\/560\/revisions"}],"predecessor-version":[{"id":1737,"href":"https:\/\/lesjardinsdumondrain.com\/index.php?rest_route=\/wp\/v2\/pages\/560\/revisions\/1737"}],"up":[{"embeddable":true,"href":"https:\/\/lesjardinsdumondrain.com\/index.php?rest_route=\/wp\/v2\/pages\/216"}],"wp:attachment":[{"href":"https:\/\/lesjardinsdumondrain.com\/index.php?rest_route=%2Fwp%2Fv2%2Fmedia&parent=560"}],"curies":[{"name":"wp","href":"https:\/\/api.w.org\/{rel}","templated":true}]}}