{"id":405,"date":"2016-04-25T21:04:35","date_gmt":"2016-04-26T01:04:35","guid":{"rendered":"http:\/\/www.jardinsdumondrain.com\/?page_id=405"},"modified":"2021-01-18T11:21:34","modified_gmt":"2021-01-18T16:21:34","slug":"annee-2016-2","status":"publish","type":"page","link":"https:\/\/lesjardinsdumondrain.com\/?page_id=405","title":{"rendered":"Ann\u00e9e 2016"},"content":{"rendered":"<h3><span lang=\"fr-CA\" style=\"color: #800000;\"><b>Le 26<\/b> <strong>f\u00e9vrier<\/strong><b> 2016<\/b><\/span><\/h3>\n<p class=\"western\" lang=\"fr-CA\" style=\"text-align: justify;\">Signature conjointe, pour la commande au notaire, du texte des dispositions n\u00e9goci\u00e9es entre les parties et \u00e0 faire appara\u00eetre au contrat de transfert des titres de propri\u00e9t\u00e9 du site de la sabli\u00e8re.<\/p>\n<h3 lang=\"fr-CA\"><span style=\"color: #800000;\"><b>Le 19 avril 2016 <\/b><\/span><\/h3>\n<p lang=\"fr-CA\" align=\"JUSTIFY\">Validation bilat\u00e9rale du projet de contrat pr\u00e9par\u00e9 par la notaire et approbation, par le conseil d\u2019administration des Jardins du Mondrain, du document tel que valid\u00e9.<\/p>\n<p lang=\"fr-CA\" align=\"JUSTIFY\"><a href=\"https:\/\/www.lesjardinsdumondrain.com\/wp-content\/uploads\/2016\/04\/R\u00e9union-du-19-avril-2016-3.jpg\"><img loading=\"lazy\" decoding=\"async\" class=\"aligncenter wp-image-404 size-medium\" src=\"https:\/\/lesjardinsdumondrain.com\/wp-content\/uploads\/2016\/04\/R\u00e9union-du-19-avril-2016-3-2000x1484.jpg\" alt=\"R\u00e9union du 19 avril 2016 (3)\" width=\"300\" height=\"223\" \/><\/a><\/p>\n<h3 lang=\"fr-CA\" align=\"JUSTIFY\"><strong><span style=\"color: #800000;\">Le 17 mai 2016 : Une joyeuse nouvelle<\/span><\/strong><\/h3>\n<p class=\"western\"><a href=\"https:\/\/www.lesjardinsdumondrain.com\/wp-content\/uploads\/2016\/06\/Signature-du-contrat.jpg\"><img loading=\"lazy\" decoding=\"async\" class=\"aligncenter wp-image-442 size-full\" src=\"https:\/\/lesjardinsdumondrain.com\/wp-content\/uploads\/2016\/06\/Signature-du-contrat.jpg\" alt=\"Signature du contrat\" width=\"1012\" height=\"1254\" \/><\/a><\/p>\n<p style=\"text-align: justify;\"><span lang=\"fr-CA\">Chers <\/span><span lang=\"fr-CA\">artisans et supporteurs<\/span><span lang=\"fr-CA\"> des Jardins du Mondrain,<\/span><\/p>\n<p lang=\"fr-CA\" style=\"text-align: justify;\">Pour notre association, le seuil est maintenant franchi : le contrat est sign\u00e9 et notre entreprise est d\u00e9sormais propri\u00e9taire du lot 3,201,216 du cadastre officiel de la Municipalit\u00e9 de Saint-Anaclet-de-Lessard.<\/p>\n<p lang=\"fr-CA\" style=\"text-align: justify;\">Nous y sommes chez-nous, mes amis !&#8230;<br \/>\nLe premier tour de piste est donc compl\u00e9t\u00e9&#8230;<br \/>\nEn place pour la rel\u00e8ve !<\/p>\n<p>Richard Boulanger, pr\u00e9sident<\/p>\n<h2><span style=\"font-size: 20px;\"><strong><span lang=\"fr-CA\" style=\"color: #800000;\">Le 1er juin 2o16\u00a0&#8211; <span style=\"font-size: 20px;\"><a href=\"http:\/\/lesjardinsdumondrain.com\/documents\/AGA20160601.pdf\" target=\"_blank\" rel=\"noopener noreferrer\">Assembl\u00e9e g\u00e9n\u00e9rale annuelle<\/a><\/span><\/span><\/strong><\/span><\/h2>\n<h3 align=\"JUSTIFY\"><span lang=\"fr-CA\"><strong>Des athl\u00e8tes \u00ab\u00a0de taille\u00a0\u00bb prennent la rel\u00e8ve au Bureau de Direction<\/strong> <\/span><\/h3>\n<p align=\"JUSTIFY\"><span lang=\"fr-CA\">S\u2019il est une image qui repr\u00e9sente avec justesse notre ambition commune dans le d\u00e9veloppement des Jardins du Mondrain, de m\u00eame que l\u2019\u00e9lan et la d\u00e9termination des personnes qui s\u2019y investissent comme dirigeants, c\u2019est bien celle <\/span><span lang=\"fr-CA\">d\u2019<\/span><span lang=\"fr-CA\">une course \u00e0 relais<\/span><span lang=\"fr-CA\">. Dans ce sport, le changement de coureurs au d\u00e9but de chaque tour de piste est toujours un moment crucial et souvent risqu\u00e9.<\/span><\/p>\n<p><a href=\"https:\/\/www.lesjardinsdumondrain.com\/wp-content\/uploads\/2016\/04\/Le-relair.jpg\"><img loading=\"lazy\" decoding=\"async\" class=\"aligncenter wp-image-453 size-full\" src=\"https:\/\/lesjardinsdumondrain.com\/wp-content\/uploads\/2016\/04\/Le-relair.jpg\" alt=\"Le relair\" width=\"450\" height=\"293\" \/><\/a><\/p>\n<p><span style=\"color: #333333;\"><span style=\"font-family: Georgia, serif;\"><span lang=\"fr-CA\">Eh bien ce 1<\/span><\/span><sup><span style=\"font-family: Georgia, serif; font-size: small;\"><span lang=\"fr-CA\">e<\/span><\/span><\/sup><span style=\"font-family: Georgia, serif;\"><span lang=\"fr-CA\"> juin 2016, lors de notre <a href=\"http:\/\/lesjardinsdumondrain.com\/documents\/AGA20160601.pdf\" target=\"_blank\" rel=\"noopener noreferrer\">assembl\u00e9e g\u00e9n\u00e9rale annuelle<\/a>, c\u2019est une pleine r\u00e9ussite que nous avons obtenue dans ce passage d\u00e9terminant; une r\u00e9ussite remplie de promesses.<\/span><\/span><\/span><\/p>\n<p style=\"text-align: justify;\"><span style=\"color: #800000; font-family: Georgia, serif;\"><span lang=\"fr-CA\"><i><b>Au premier tour de la course<\/b><\/i><\/span><\/span><span style=\"color: #333333;\"><span style=\"font-family: Georgia, serif;\"><span lang=\"fr-CA\">, nous avions de toutes pi\u00e8ces, fonction par fonction, nouveau membre par nouveau membre, r\u00e9ussi \u00e0 doter l\u2019entreprise de solides assises. Et voil\u00e0 qu\u2019il y a quelques jours \u00e0 peine, nous avons compl\u00e9t\u00e9, et ce avec la g\u00e9n\u00e9reuse donation de <\/span><\/span><em><span style=\"font-family: Georgia, serif;\"><span lang=\"fr-CA\">Claveau Concassage et Granulats lt\u00e9e<\/span><\/span><\/em><span style=\"font-family: Georgia, serif;\"><span lang=\"fr-CA\">, l\u2019acquisition des titres de propri\u00e9t\u00e9 du vaste terrain de la sabli\u00e8re. Si bien que <\/span><\/span><\/span><span style=\"color: #800000;\"><span style=\"font-family: Georgia, serif;\"><span lang=\"fr-CA\"><i><b>nous y sommes chez-nous maintenant<\/b><\/i><\/span><\/span><span style=\"font-family: Georgia, serif;\"><span lang=\"fr-CA\">.<\/span><\/span><\/span><\/p>\n<p style=\"text-align: justify;\"><span style=\"color: #800000; font-family: Georgia, serif;\"><span lang=\"fr-CA\"><i><b>Au deuxi\u00e8me tour de la course<\/b><\/i><\/span><\/span><span style=\"color: #333333; font-family: Georgia, serif;\"><span lang=\"fr-CA\">, et ce \u00e0 partir de cet \u00e9t\u00e9 d\u00e9j\u00e0, on s\u2019appr\u00eate \u00e0 d\u00e9barquer sur le terrain pour y enclencher concr\u00e8tement la patiente transformation du site, au fil des jours et des ann\u00e9es, en un lieu enviable de paix, de beaut\u00e9 naturelle et de joyeuse convivialit\u00e9.<\/span><\/span><\/p>\n<p lang=\"fr-CA\" style=\"text-align: justify;\"><span style=\"color: #333333; font-family: Georgia, serif;\">Et pour marquer la cadence dans cette nouvelle \u00e9tape, nous nous sommes choisi une \u00e9quipe de solides dirigeants. La voici\u00a0:<\/span><\/p>\n<p><a href=\"https:\/\/www.lesjardinsdumondrain.com\/wp-content\/uploads\/2016\/06\/Conseil-2016.jpg\"><img loading=\"lazy\" decoding=\"async\" class=\"aligncenter wp-image-443 size-full\" src=\"https:\/\/lesjardinsdumondrain.com\/wp-content\/uploads\/2016\/06\/Conseil-2016.jpg\" alt=\"Conseil 2016\" width=\"1071\" height=\"717\" \/><\/a><\/p>\n<p lang=\"fr-CA\"><span style=\"color: #333333; font-family: Georgia, serif;\">Visiblement, il y a dans ces regards, de l\u2019ouverture, de l\u2019optimisme et de l\u2019audace&#8230; \u00c7a promet.<\/span><\/p>\n<p lang=\"fr-CA\" align=\"JUSTIFY\"><span style=\"color: #333333; font-family: Georgia, serif;\">Avec nos sinc\u00e8res remerciements et nos voeux de franc succ\u00e8s, nous vous assurons, chers nouveaux dirigeants, de notre enthousiasme et de notre pleine collaboration.<\/span><\/p>\n<p><span style=\"color: #333333;\"><span style=\"font-family: Georgia, serif;\"><span lang=\"fr-CA\">Les membres du pr\u00e9c\u00e9dent bureau de direction :<\/span><\/span> <\/span><\/p>\n<p><span style=\"color: #333333;\"> <span style=\"font-family: Georgia, serif;\"><span lang=\"fr-CA\">Louisette April, Claude Demers, Pierre-Paul C\u00f4t\u00e9 <\/span><\/span> <span style=\"font-family: Georgia, serif;\"><span lang=\"fr-CA\">et Richard Boulanger<\/span><\/span><\/span><\/p>\n<hr \/>\n<h3 align=\"CENTER\"><span style=\"color: #993300;\"><strong>D\u00eener-rencontre<\/strong><\/span><\/h3>\n<p lang=\"fr-CA\" style=\"text-align: justify;\"><strong><span style=\"color: #993300;\">Le 22 octobre 2016<\/span><\/strong>, plusieurs membres se sont rencontr\u00e9s pour partager un d\u00eener collectif et pour discuter sur les avanc\u00e9es du d\u00e9veloppement des Jardins du Mondrain. Un montage de photos terrestres et a\u00e9riennes \u00e9tait pr\u00e9sent\u00e9 \u00e0 l\u2019assembl\u00e9e pendant que<strong><span style=\"color: #993300;\"> Claire Lepage, notre pr\u00e9sidente<\/span><\/strong>, faisait un r\u00e9sum\u00e9 des projets en cours. Par la suite, Pierre-Paul C\u00f4t\u00e9 est venu commenter les photos a\u00e9riennes.<\/p>\n<p lang=\"fr-CA\">Malheureusement, une pluie battante cette journ\u00e9e-l\u00e0 est venue contrer la visite des Jardins du Mondrain en apr\u00e8s-midi. Quelques braves ont quand m\u00eame d\u00e9fi\u00e9 le d\u00e9luge et ont foul\u00e9 les sentiers du terrain. En fin de rencontre, les membres se sont montr\u00e9s de plus en plus engag\u00e9s pour d\u00e9velopper ce lieu d\u2019exception en devenir.<\/p>\n<p lang=\"fr-CA\"><a href=\"https:\/\/www.lesjardinsdumondrain.com\/wp-content\/uploads\/2018\/01\/2016_22oct.jpg\"><img loading=\"lazy\" decoding=\"async\" class=\"aligncenter wp-image-563 size-full\" src=\"https:\/\/lesjardinsdumondrain.com\/wp-content\/uploads\/2018\/01\/2016_22oct.jpg\" alt=\"\" width=\"1319\" height=\"990\" \/><\/a><\/p>\n<p>Camille L\u00e9vesque, pour les Jardins du Mondrain<\/p>\n","protected":false},"excerpt":{"rendered":"<p>Le 26 f\u00e9vrier 2016 Signature conjointe, pour la commande au notaire, du texte des dispositions n\u00e9goci\u00e9es entre les parties et \u00e0 faire appara\u00eetre au contrat de transfert des titres de propri\u00e9t\u00e9 du site de la sabli\u00e8re. Le 19 avril 2016 &hellip; <a href=\"https:\/\/lesjardinsdumondrain.com\/?page_id=405\">Continuer la lecture <span class=\"meta-nav\">&rarr;<\/span><\/a><\/p>\n","protected":false},"author":1,"featured_media":0,"parent":216,"menu_order":0,"comment_status":"closed","ping_status":"closed","template":"","meta":{"footnotes":""},"class_list":["post-405","page","type-page","status-publish","hentry"],"jetpack_sharing_enabled":true,"_links":{"self":[{"href":"https:\/\/lesjardinsdumondrain.com\/index.php?rest_route=\/wp\/v2\/pages\/405","targetHints":{"allow":["GET"]}}],"collection":[{"href":"https:\/\/lesjardinsdumondrain.com\/index.php?rest_route=\/wp\/v2\/pages"}],"about":[{"href":"https:\/\/lesjardinsdumondrain.com\/index.php?rest_route=\/wp\/v2\/types\/page"}],"author":[{"embeddable":true,"href":"https:\/\/lesjardinsdumondrain.com\/index.php?rest_route=\/wp\/v2\/users\/1"}],"replies":[{"embeddable":true,"href":"https:\/\/lesjardinsdumondrain.com\/index.php?rest_route=%2Fwp%2Fv2%2Fcomments&post=405"}],"version-history":[{"count":7,"href":"https:\/\/lesjardinsdumondrain.com\/index.php?rest_route=\/wp\/v2\/pages\/405\/revisions"}],"predecessor-version":[{"id":1736,"href":"https:\/\/lesjardinsdumondrain.com\/index.php?rest_route=\/wp\/v2\/pages\/405\/revisions\/1736"}],"up":[{"embeddable":true,"href":"https:\/\/lesjardinsdumondrain.com\/index.php?rest_route=\/wp\/v2\/pages\/216"}],"wp:attachment":[{"href":"https:\/\/lesjardinsdumondrain.com\/index.php?rest_route=%2Fwp%2Fv2%2Fmedia&parent=405"}],"curies":[{"name":"wp","href":"https:\/\/api.w.org\/{rel}","templated":true}]}}