{"id":23,"date":"2015-11-18T20:51:34","date_gmt":"2015-11-19T01:51:34","guid":{"rendered":"http:\/\/www.jardinsdumondrain.com\/?page_id=23"},"modified":"2021-03-19T10:02:08","modified_gmt":"2021-03-19T14:02:08","slug":"a-propos","status":"publish","type":"page","link":"https:\/\/lesjardinsdumondrain.com\/?page_id=23","title":{"rendered":"\u00c0 propos"},"content":{"rendered":"<h3 style=\"text-align: center;\"><strong>UN HEUREUX CONCOURS DE CIRCONSTANCES<\/strong><\/h3>\n<p style=\"text-align: justify;\">C&rsquo;est la convergence inattendue de quatre opportunit\u00e9s, totalement ind\u00e9pendantes l&rsquo;une de l&rsquo;autre au d\u00e9part, qui a permis l&rsquo;\u00e9mergence de ce beau projet des\u00a0<em><span style=\"color: #993300;\">Jardins du Mondrain<\/span> <\/em>.<\/p>\n<h4 style=\"text-align: justify;\"><strong>1re opportunit\u00e9<\/strong>\u00a0: Le tr\u00e8s grand terrain d&rsquo;une sabli\u00e8re en fin d&rsquo;exploitation, exceptionnellement bien situ\u00e9 et accessible.<\/h4>\n<h4 style=\"text-align: justify;\"><strong>2e opportunit\u00e9<\/strong>\u00a0: Des voisins d\u00e9j\u00e0 entra\u00een\u00e9s \u00e0 unir leurs efforts pour veiller aux int\u00e9r\u00eats de leur secteur r\u00e9sidentiel.<\/h4>\n<h4 style=\"text-align: justify;\"><strong>3e opportunit\u00e9<\/strong>\u00a0: Une entreprise d&rsquo;excavation profond\u00e9ment enracin\u00e9e dans sa r\u00e9gion depuis trois g\u00e9n\u00e9rations et activement engag\u00e9e dans le d\u00e9veloppement du Bas-Saint-Laurent.<\/h4>\n<h4 style=\"text-align: justify;\"><strong>4e opportunit\u00e9\u00a0<\/strong>: Des autorit\u00e9s municipales tr\u00e8s int\u00e9ress\u00e9es et ouvertes aux initiatives de prise en charge de leur milieu par les citoyens eux-m\u00eames.<\/h4>\n<p style=\"text-align: justify;\">Ainsi, il n&rsquo;aura fallu qu&rsquo;un concours de circonstances, assorti \u00e0 la cr\u00e9ativit\u00e9 et au bon vouloir d&rsquo;une quinzaine de personnes solidaires de la <span style=\"color: #993300;\">qualit\u00e9 de vie de leur milieu<\/span>, pour faire converger ces quatre opportunit\u00e9s et les mettre \u00e0 profit dans l&rsquo;acquisition des titres de propri\u00e9t\u00e9 d&rsquo;une sabli\u00e8re autrement promise au d\u00e9sint\u00e9r\u00eat et \u00e0 la d\u00e9solation.<\/p>\n<p style=\"text-align: justify;\">Comme <span style=\"color: #993300;\">premier chantier de travail<\/span>, nous nous sommes affair\u00e9s \u00e0 la mise en place des solides bases l\u00e9gales, administratives et communautaires, indispensables \u00e0 l&rsquo;exercice responsable de nos devoirs de futurs propri\u00e9taires. Et durant cette premi\u00e8re \u00e9tape, nous nous sommes progressivement sensibilis\u00e9s, comme fa\u00e7on de pr\u00e9parer l&rsquo;avenir du site, \u00e0 l&rsquo;importance de respecter le jeu des \u00e9quilibres de la nature et la cadence de ses rythmes&#8230; Une sagesse oubli\u00e9e aujourd&rsquo;hui, mais que nos premi\u00e8res nations poss\u00e9daient depuis longtemps et tent\u00e8rent de d\u00e9fendre \u00e0 l&rsquo;arriv\u00e9e de nos anc\u00eatres\u00a0:<\/p>\n<blockquote>\n<p style=\"text-align: justify;\"><span style=\"color: #993300;\">\u00ab Quand nous devons prendre une d\u00e9cision qui affecte notre terre-m\u00e8re \u2013 et la v\u00f4tre -, nous la prenons en nous demandant ce qu&rsquo;en penseront nos enfants et ce qu&rsquo;ils diront de nous \u00e0 ce propos&#8230; dans cinq g\u00e9n\u00e9rations. \u00bb<\/span><\/p>\n<\/blockquote>\n<h4 lang=\"fr-CA\" align=\"center\"><span style=\"font-size: small;\"><b>L&rsquo;ACQUISITION DU SITE PAR LES JARDINS DU MONDRAIN<\/b><span style=\"color: #000000;\"><b>, C&rsquo;EST<\/b><\/span><b> D\u00c9J\u00c0 UNE R\u00c9USSITE<\/b><\/span><\/h4>\n<p align=\"justify\">D\u00e8s le moment o\u00f9 le terrain vacant de la sabli\u00e8re devient propri\u00e9t\u00e9 de l&rsquo;entreprise <span style=\"color: #993300;\"><em>Les Jardins du Mondrain<\/em><\/span>, il est prot\u00e9g\u00e9, sous son autorit\u00e9, de tout possible projet d&rsquo;exploitation dommageable ou disgracieuse pour le voisinage, pour l&rsquo;environnement et plus largement pour sa r\u00e9gion d\u2019appartenance. <span style=\"color: #993300;\">Il s&rsquo;agit l\u00e0 d\u2019un premier gain majeur<\/span>.<\/p>\n<p align=\"justify\"><span style=\"color: #993300;\">\u00c0 moyen terme<\/span>, c\u2019est \u00e0 l&rsquo;accessibilit\u00e9 de l&rsquo;ensemble du site pour le travail et la revitalisation des sols d\u00e9j\u00e0 exploit\u00e9s que nous nous emploierons; ces deux mesures devant faciliter toutes nos actions par la suite.<\/p>\n<p align=\"justify\"><span style=\"color: #993300;\">\u00c0 long terme<\/span>, nous entendons conf\u00e9rer \u00e0 cette vaste propri\u00e9t\u00e9 de 22 hectares sise au pied m\u00eame de l&rsquo;unique et prometteur Mondrain, une vocation diversifi\u00e9e d&rsquo;agriculture et de foresterie \u00e0 buts communautaires, de promenade et de d\u00e9tente, de convivialit\u00e9 de voisinage et pourquoi pas, de promotion environnementale au profit de toute la r\u00e9gion.<\/p>\n<p lang=\"fr-CA\" align=\"justify\">Voil\u00e0 les trois phases du <span style=\"color: #993300;\">projet interg\u00e9n\u00e9rationnel<\/span> auquel nous oeuvrons et qu&rsquo;ensemble nous serons fiers de l\u00e9guer \u00e0 ceux qui nous suivront.<\/p>\n<h4 lang=\"fr-CA\" align=\"center\"><strong>NOS ASSISES ET NOTRE APPROCHE DE TRAVAIL<\/strong><\/h4>\n<p lang=\"fr-CA\" align=\"justify\"><em>Les Jardins du Mondrain<\/em>, nouvelle entreprise \u00e0 but non lucratif, est formellement inscrite au Registre des entreprises du Qu\u00e9bec depuis mai 2014.<\/p>\n<p lang=\"fr-CA\" align=\"justify\">C&rsquo;est l&rsquo;assembl\u00e9e g\u00e9n\u00e9rale de nos membres qui d\u00e9cide de nos orientations et ce sont nos membres qui, selon leurs disponibilit\u00e9s et la diversit\u00e9 de leurs talents respectifs, s&rsquo;impliquent dans nos plans d&rsquo;action annuels.<\/p>\n<p lang=\"fr-CA\" align=\"justify\">En toute simplicit\u00e9, <span style=\"color: #993300;\">ce qui relie nos membres les uns aux autres<\/span>, c&rsquo;est qu&rsquo;ils partagent comme valeurs personnelles <span style=\"color: #993300;\">le go\u00fbt de mettre l&rsquo;\u00e9paule \u00e0 la roue<\/span> dans l&rsquo;avancement de leur milieu ainsi que <span style=\"color: #993300;\">le plaisir de travailler avec d&rsquo;autres<\/span> \u00e0 la sant\u00e9 de leur environnement et \u00e0 la beaut\u00e9 du patrimoine collectif qu&rsquo;ils l\u00e9gueront \u00e0 leurs enfants.<\/p>\n<p lang=\"fr-CA\" align=\"justify\">Comme toute entreprise efficace, l&rsquo;association des <em>Jardins du Mondrain<\/em> poss\u00e8de une structure et des r\u00e8gles de fonctionnement qui pr\u00e9voient annuellement la d\u00e9signation des diff\u00e9rents responsables et charg\u00e9s de projets. C&rsquo;est \u00e0 eux qu&rsquo;il est demand\u00e9 de canaliser les \u00e9nergies requises vers l&rsquo;atteinte des r\u00e9sultats vis\u00e9s.<\/p>\n<p lang=\"fr-CA\" align=\"justify\">Nos administrateurs sont d\u00e9sign\u00e9s par une assembl\u00e9e g\u00e9n\u00e9rale constitu\u00e9e de l&rsquo;ensemble des personnes qui ont officiellement adh\u00e9r\u00e9 \u00e0 l&rsquo;entreprise <span style=\"color: #993300;\">parce qu&rsquo;ils y croient<\/span>. Ces membres en r\u00e8gle de l&rsquo;assembl\u00e9e forment donc la base de l&rsquo;entreprise, pr\u00e9sident \u00e0 ses grandes orientations et \u00e9valuent ses r\u00e9sultats.<\/p>\n<p lang=\"fr-CA\" align=\"justify\">Un choix s&rsquo;offre \u00e0 vous quand vous joignez nos rangs car il y a <span style=\"color: #993300;\">deux cat\u00e9gories de membres<\/span> dans l&rsquo;assembl\u00e9e g\u00e9n\u00e9rale\u00a0:<\/p>\n<ul>\n<li>\n<p lang=\"fr-CA\" align=\"justify\"><span style=\"color: #993300;\">les membres actifs<\/span><span style=\"color: #993300;\">,<\/span> qui acquittent une cotisation annuelle et cons\u00e9quemment, participent avec droit de vote \u00e0 l&rsquo;ensemble du processus d\u00e9cisionnel;<\/p>\n<\/li>\n<\/ul>\n<ul>\n<li>\n<p lang=\"fr-CA\" align=\"justify\"><span style=\"color: #993300;\">les membres sympathisants<\/span> qui, plut\u00f4t que de payer la cotisation annuelle, s&rsquo;engagent chaque ann\u00e9e \u00e0 soutenir l&rsquo;entreprise \u00e0 l&rsquo;aide de dons en argent, de travaux sur le site, de services sp\u00e9cialis\u00e9s, etc.<\/p>\n<\/li>\n<\/ul>\n<p style=\"text-align: justify;\"><img loading=\"lazy\" decoding=\"async\" class=\"alignright wp-image-195 \" src=\"https:\/\/lesjardinsdumondrain.com\/wp-content\/uploads\/2015\/12\/Le-laboureur.jpg\" alt=\"\" width=\"190\" height=\"147\" \/><br \/>\nAux <em>Jardins du Mondrain<\/em>, c&rsquo;est l&rsquo;action directe des membres qui g\u00e9n\u00e8re les r\u00e9sultats esp\u00e9r\u00e9s, tout comme aux labours, ce sont le soc et la charrue qui ouvrent et retournent le champ.<\/p>\n","protected":false},"excerpt":{"rendered":"<p>UN HEUREUX CONCOURS DE CIRCONSTANCES C&rsquo;est la convergence inattendue de quatre opportunit\u00e9s, totalement ind\u00e9pendantes l&rsquo;une de l&rsquo;autre au d\u00e9part, qui a permis l&rsquo;\u00e9mergence de ce beau projet des\u00a0Jardins du Mondrain . 1re opportunit\u00e9\u00a0: Le tr\u00e8s grand terrain d&rsquo;une sabli\u00e8re en &hellip; <a href=\"https:\/\/lesjardinsdumondrain.com\/?page_id=23\">Continuer la lecture <span class=\"meta-nav\">&rarr;<\/span><\/a><\/p>\n","protected":false},"author":1,"featured_media":0,"parent":0,"menu_order":0,"comment_status":"closed","ping_status":"closed","template":"","meta":{"footnotes":""},"class_list":["post-23","page","type-page","status-publish","hentry"],"jetpack_sharing_enabled":true,"_links":{"self":[{"href":"https:\/\/lesjardinsdumondrain.com\/index.php?rest_route=\/wp\/v2\/pages\/23","targetHints":{"allow":["GET"]}}],"collection":[{"href":"https:\/\/lesjardinsdumondrain.com\/index.php?rest_route=\/wp\/v2\/pages"}],"about":[{"href":"https:\/\/lesjardinsdumondrain.com\/index.php?rest_route=\/wp\/v2\/types\/page"}],"author":[{"embeddable":true,"href":"https:\/\/lesjardinsdumondrain.com\/index.php?rest_route=\/wp\/v2\/users\/1"}],"replies":[{"embeddable":true,"href":"https:\/\/lesjardinsdumondrain.com\/index.php?rest_route=%2Fwp%2Fv2%2Fcomments&post=23"}],"version-history":[{"count":10,"href":"https:\/\/lesjardinsdumondrain.com\/index.php?rest_route=\/wp\/v2\/pages\/23\/revisions"}],"predecessor-version":[{"id":1778,"href":"https:\/\/lesjardinsdumondrain.com\/index.php?rest_route=\/wp\/v2\/pages\/23\/revisions\/1778"}],"wp:attachment":[{"href":"https:\/\/lesjardinsdumondrain.com\/index.php?rest_route=%2Fwp%2Fv2%2Fmedia&parent=23"}],"curies":[{"name":"wp","href":"https:\/\/api.w.org\/{rel}","templated":true}]}}