{"id":216,"date":"2015-12-31T12:08:44","date_gmt":"2015-12-31T17:08:44","guid":{"rendered":"http:\/\/www.jardinsdumondrain.com\/?page_id=216"},"modified":"2026-04-09T11:43:10","modified_gmt":"2026-04-09T15:43:10","slug":"chroniques","status":"publish","type":"page","link":"https:\/\/lesjardinsdumondrain.com\/?page_id=216","title":{"rendered":"Infolettre"},"content":{"rendered":"<h2 style=\"text-align: center;\"><strong><span lang=\"fr-CA\" style=\"font-size: 14pt;\">Acquisition des futurs Jardins du Mondrain\u00a0<\/span><\/strong><\/h2>\n<p align=\"CENTER\"><span lang=\"fr-CA\">(Lot 3,201,216 du cadastre officiel de la Municipalit\u00e9 de Saint-Anaclet)<\/span><\/p>\n<h3 style=\"text-align: left;\" align=\"CENTER\"><span style=\"font-size: large;\"><b>a)\u00a0 Historique des tractations<\/b><\/span><\/h3>\n<p align=\"JUSTIFY\"><strong><span lang=\"fr-CA\">De 2002\u00a0\u00e0 2007<\/span><\/strong><\/p>\n<p style=\"text-align: justify;\" align=\"JUSTIFY\"><span lang=\"fr-CA\">En d\u00e9cembre 2002\u00a0:<\/span> <span lang=\"fr-CA\">dem<\/span><span lang=\"fr-CA\">ande de prolongation du permis d\u2019exploitation de la gravi\u00e8re par la firme <\/span><span lang=\"fr-CA\">Entreprise Claveau lt\u00e9e<\/span><span lang=\"fr-CA\">. N\u00e9gociation tripartite <\/span><span lang=\"fr-CA\">(<\/span><em><span lang=\"fr-CA\">entrepreneur-<\/span><span lang=\"fr-CA\">\u00a0<\/span><span lang=\"fr-CA\">municipalit\u00e9-A<\/span><span lang=\"fr-CA\">ssociation des R\u00e9sidents<\/span><\/em><span lang=\"fr-CA\">)<\/span><span lang=\"fr-CA\"> pour att\u00e9nuer les objections \u00e0 ce renouvellement.<\/span><\/p>\n<p><strong>R\u00e9sultats\u00a0des pourparlers :<\/strong><\/p>\n<p style=\"text-align: justify;\">a)\u00a0 <span lang=\"fr-CA\">une<\/span> <span lang=\"fr-CA\"><u>entente verbale conclue en mai 2003<\/u><\/span><span lang=\"fr-CA\"> pour la cession \u00e9ventuelle du terrain, au terme de son exploitation, aux r\u00e9sidents membres de l\u2019association;<br \/>\n<\/span><span lang=\"fr-CA\">b)\u00a0 une <\/span><span lang=\"fr-CA\"><u>lettre d\u2019entente<\/u><\/span><span lang=\"fr-CA\"> d\u2019une dur\u00e9e de trois ans officialisant cet engagement et <\/span><span lang=\"fr-CA\"><u>sign\u00e9e le 16 avril 2004<\/u><\/span><span lang=\"fr-CA\"> par l\u2019entrepreneur et <em>l\u2019Association des R\u00e9sidents<\/em>;<br \/>\n<\/span>c)\u00a0 l\u2019instauration d\u2019une redevance \u00e0 la municipalit\u00e9 pour chaque tonne de gravier pr\u00e9lev\u00e9 dans le futur.<\/p>\n<p align=\"JUSTIFY\"><strong><span lang=\"fr-CA\">De 2007 \u00e0 2012<\/span><span lang=\"fr-CA\">\u00a0<\/span><\/strong><\/p>\n<p lang=\"fr-CA\" align=\"JUSTIFY\">Incertitudes et r\u00e9flexions internes concernant les raisons d\u2019\u00eatre de <i>l\u2019Association des R\u00e9sidents<\/i>, la validit\u00e9 de ses statuts, son avenir et son membership; concernant \u00e9galement, par voie de cons\u00e9quences, le sort du projet d\u2019acquisition, dans X ann\u00e9es, du site de la sabli\u00e8re.<\/p>\n<p><strong><span lang=\"fr-CA\">Novembre 2012<\/span><\/strong><\/p>\n<p align=\"JUSTIFY\"><span style=\"color: #000000;\"><span lang=\"fr-CA\">Plan de relance de <\/span><\/span><span style=\"color: #000000;\"><span lang=\"fr-CA\"><i>l\u2019Association des R\u00e9sidents<\/i><\/span><\/span><span style=\"color: #000000;\"><span lang=\"fr-CA\"> et op\u00e9ration intensive de clarification du statut actif ou non des membres de l\u2019Association depuis sa fondation afin de savoir clairement qui est l\u00e9gitim\u00e9 ou non de prendre part aux importantes d\u00e9cisions qui nous attendaient.<\/span><\/span><\/p>\n<p class=\"western\" lang=\"fr-CA\"><strong>D\u00e9cembre 2012, janvier-f\u00e9vrier 2013<\/strong><\/p>\n<p lang=\"fr-CA\" align=\"JUSTIFY\">Dans le but de relancer le projet d\u2019acquisition de la sabli\u00e8re, l\u2019Association reprend de fa\u00e7on intensive les rencontres avec l\u2019entrepreneur, M. L\u00e9vis Claveau, pour l\u2019\u00e9laboration d\u2019une nouvelle entente d\u2019acquisition \u00e9ventuelle du terrain de la sabli\u00e8re.<\/p>\n<p lang=\"fr-CA\" align=\"JUSTIFY\">Les nombreux \u00e9changes avec la firme doivent aboutir, au printemps 2013, \u00e0 la signature d\u2019une nouvelle entente de pr\u00e8s de trois ans, s\u00e9curisant le transfert \u00e0 notre Association, d\u00e8s la fin de d\u00e9cembre 2015, des titres de propri\u00e9t\u00e9 sur la sabli\u00e8re. D\u2019autres dispositions de cette entente doivent par ailleurs pr\u00e9server jusqu\u2019au 31 d\u00e9cembre 2025 une pr\u00e9rogative de l\u2019entrepreneur \u00e0 l\u2019effet d\u2019achever l\u2019extraction du gravier restant encore \u00e0 exploiter, d\u00e9limit\u00e9 sur une portion d\u2019environ 14% de la surface du site.<\/p>\n<p><strong><span lang=\"fr-CA\">Mars 2013<\/span><\/strong><\/p>\n<p align=\"JUSTIFY\"><span lang=\"fr-CA\">Assembl\u00e9e g\u00e9n\u00e9rale de l\u2019Association des R\u00e9sidents (la premi\u00e8re depuis 2000), suite \u00e0 la mise \u00e0 jour de son membership. On y proc\u00e8de \u00e0 l\u2019\u00e9tude et \u00e0 l\u2019approbation du <\/span><span lang=\"fr-CA\"><u>projet d\u2019entente <\/u><\/span><span style=\"color: #000000;\"><span lang=\"fr-CA\"><u>2013-2015<\/u><\/span><\/span> <span lang=\"fr-CA\">devant mener \u00e0 la cession \u00e0 notre association <\/span><span style=\"color: #000000;\"><span lang=\"fr-CA\">des titres<\/span><\/span> <span lang=\"fr-CA\">de propri\u00e9t\u00e9 du site de la sabli\u00e8re au 31 d\u00e9cembre 2015.<\/span><\/p>\n<p align=\"JUSTIFY\"><strong>Le 21 mars 2013<\/strong><\/p>\n<p align=\"JUSTIFY\"><span lang=\"fr-CA\"><u>Signature officielle<\/u><\/span><span lang=\"fr-CA\">, en pr\u00e9sence de t\u00e9moins, <\/span><span lang=\"fr-CA\"><u>de la nouvelle entente<\/u><\/span><span lang=\"fr-CA\"> entre <\/span><span lang=\"fr-CA\"><i><b>Claveau Concassages et Granulats lt\u00e9e<\/b><\/i><\/span><span lang=\"fr-CA\"> et<\/span> <em>l<\/em><span lang=\"fr-CA\"><i><b>\u2019Association des R\u00e9sidents&#8230;<\/b><\/i><\/span><\/p>\n<p class=\"western\" lang=\"fr-CA\"><span style=\"color: #000000;\"><strong>L\u2019ann\u00e9e 2014<\/strong>&#8230; <\/span><\/p>\n<p class=\"western\" lang=\"fr-CA\">Est une ann\u00e9e de profondes mutations pour notre association.<\/p>\n<ol>\n<li>\n<p lang=\"fr-CA\" align=\"JUSTIFY\">Deux \u00e9quipes de direction y ont tour \u00e0 tour assum\u00e9 la conduite des affaires.<\/p>\n<\/li>\n<li>\n<p align=\"JUSTIFY\"><span lang=\"fr-CA\">Nous passons d\u2019une association spontan\u00e9e de r\u00e9sidents \u00e0 une entreprise \u00e0 but non lucratif structur\u00e9e et formellement enregistr\u00e9e sous un nouveau nom, <\/span><span lang=\"fr-CA\">\u00ab\u00a0<\/span><span lang=\"fr-CA\"><i>Les Jardins du Mondrain\u00a0\u00bb<\/i><\/span><span lang=\"fr-CA\"><i>,<\/i><\/span><span lang=\"fr-CA\"> avec de nouveaux objets, des lettres patentes officielles et des r\u00e8glements g\u00e9n\u00e9raux l\u00e9galement valid\u00e9s et d\u00fbment approuv\u00e9s.<\/span><\/p>\n<\/li>\n<li>\n<p lang=\"fr-CA\" align=\"JUSTIFY\">Nous passons d\u2019un statut de groupe d\u2019int\u00e9r\u00eats priv\u00e9s \u00e0 un statut <strong>d\u2019organisme \u00e0 int\u00e9r\u00eats communautaires.<\/strong><\/p>\n<\/li>\n<li>\n<p lang=\"fr-CA\" align=\"JUSTIFY\">Nous passons d\u2019une gestion de nos affaires financi\u00e8res par compte de caisse \u00e0 une structure de gestion par fonds \u00e0 destinations sp\u00e9cifiques.<\/p>\n<\/li>\n<li>\n<p lang=\"fr-CA\" align=\"JUSTIFY\">Nous passons, gr\u00e2ce \u00e0 une application \u00e9labor\u00e9e par un de nos membres, d\u2019une comptabilit\u00e9 manuelle \u00e0 une comptabilit\u00e9 informatis\u00e9e.<\/p>\n<\/li>\n<li>\n<p lang=\"fr-CA\" align=\"JUSTIFY\">Nous passons d\u2019un syst\u00e8me-maison de gestion-conservation de nos archives \u00e0 un syst\u00e8me de classement et d\u2019archivage structur\u00e9 et s\u00e9curis\u00e9.<\/p>\n<\/li>\n<\/ol>\n<p lang=\"fr-CA\" align=\"JUSTIFY\">7.\u00a0\u00a0 Nous passons, en cours d\u2019ann\u00e9e, de 11 membres actifs \u00e0 33.<\/p>\n<p class=\"western\" lang=\"fr-CA\"><span style=\"color: #000000; font-size: medium;\"><strong>Le 11 novembre 2015<\/strong> <\/span><\/p>\n<p style=\"text-align: justify;\"><span style=\"font-size: medium;\"><b>Tenue d\u2019une assembl\u00e9e g\u00e9n\u00e9rale extraordinaire des <\/b><i><b>Jardins du Mondrain<\/b><\/i><\/span><\/p>\n<p style=\"text-align: justify;\"><span style=\"font-size: medium;\"><span style=\"color: #000000;\"><i> <\/i><span lang=\"fr-CA\">On y prend la d\u00e9cision de demander l\u2019accord de l\u2019entrepreneur sur un report jusqu\u2019au 1<\/span><sup><span lang=\"fr-CA\"><span style=\"font-size: small;\">e<\/span><\/span><\/sup><span lang=\"fr-CA\"> mai 2016 de la date de transfert des titres de propri\u00e9t\u00e9, question de donner au bureau de direction le temps d\u2019instrumenter et d\u2019effectuer le recrutement de nouveaux membres afin de contrer l\u2019accroissement des d\u00e9penses inh\u00e9rentes au nouveau statut de propri\u00e9taire par un accroissement des revenus de cotisations. <\/span><\/span><\/span><\/p>\n<p class=\"western\" lang=\"fr-CA\"><strong><span style=\"color: #000000; font-size: medium;\">D\u00e9cembre 2015<\/span><\/strong><\/p>\n<p class=\"western\" lang=\"fr-CA\"><span style=\"color: #000000;\">Signature officielle de la <\/span><u><b>prolongation jusqu\u2019au 1<\/b><\/u><sup><u><b><span style=\"font-size: small;\">e<\/span><\/b><\/u><\/sup><u><b> mai 2016<\/b><\/u><span style=\"color: #000000;\"> de l\u2019entente en vigueur <\/span><\/p>\n<p><span lang=\"fr-CA\"><b>Le 26 f\u00e9vrier 2016<\/b><\/span><\/p>\n<p class=\"western\" lang=\"fr-CA\" style=\"text-align: justify;\">Signature conjointe, pour la commande au notaire, du texte des dispositions n\u00e9goci\u00e9es entre les parties et \u00e0 faire appara\u00eetre au contrat de transfert des titres de propri\u00e9t\u00e9 du site de la sabli\u00e8re.<\/p>\n<p lang=\"fr-CA\"><b>Le 12 avril 2016 <\/b><\/p>\n<p lang=\"fr-CA\" align=\"JUSTIFY\">Validation bilat\u00e9rale du projet de contrat pr\u00e9par\u00e9 par la notaire et approbation, par le conseil d\u2019administration des Jardins du Mondrain, du document tel que valid\u00e9.<\/p>\n<p><span style=\"font-size: large;\"><span lang=\"fr-CA\"><b>b) <\/b><\/span><\/span><span style=\"font-size: large;\"><span lang=\"fr-CA\"><b>Contenus du contrat<\/b><\/span><\/span><\/p>\n<p lang=\"fr-CA\" align=\"JUSTIFY\">Outre les contenus et formulations de rigueur dans un acte notari\u00e9, le contrat contient les dispositions particuli\u00e8res suivantes\u00a0:<\/p>\n<p align=\"JUSTIFY\"><span lang=\"fr-CA\">1<\/span><sup><span lang=\"fr-CA\"><span style=\"font-size: small;\">e<\/span><\/span><\/sup><span lang=\"fr-CA\"> Le prix d\u2019acquisition de la propri\u00e9t\u00e9 est z\u00e9ro dollar.<\/span><\/p>\n<p lang=\"fr-CA\" align=\"JUSTIFY\">\u00a0\u00a0\u00a0\u00a0L\u2019\u00e9valuation fonci\u00e8re du site est de 18,300$<\/p>\n<p align=\"JUSTIFY\"><span lang=\"fr-CA\">2<\/span><sup><span lang=\"fr-CA\"><span style=\"font-size: small;\">e<\/span><\/span><\/sup><span lang=\"fr-CA\"> Le privil\u00e8ge acquis de prolonger l\u2019exploitation, \u00e0 l\u2019\u00e9ch\u00e9ance d\u2019un permis de la CPTAQ\u00a0et moyennant les autorisations de rigueur, est reli\u00e9 au site de l\u2019exploitation et non \u00e0 son propri\u00e9taire.<\/span><\/p>\n<p align=\"JUSTIFY\"><span lang=\"fr-CA\">3<\/span><sup><span lang=\"fr-CA\"><span style=\"font-size: small;\">e<\/span><\/span><\/sup><span lang=\"fr-CA\"> L\u2019entrepreneur a jusqu\u2019au 31 d\u00e9cembre 2025 pour achever l\u2019extraction du gravier sur le site.<\/span><\/p>\n<p align=\"JUSTIFY\"><span lang=\"fr-CA\">4<\/span><sup><span lang=\"fr-CA\"><span style=\"font-size: small;\">e<\/span><\/span><\/sup><span lang=\"fr-CA\"> Une servitude est accord\u00e9e \u00e0 l\u2019entrepreneur\u00a0: exclusivit\u00e9 du droit d\u2019exploiter, <\/span><span lang=\"fr-CA\"><u>\u00e0 des fins commerciales<\/u><\/span><span lang=\"fr-CA\"> et jusqu\u2019\u00e0 son extinction, le gravier restant\u00a0: <\/span><\/p>\n<ol>\n<li>\n<p lang=\"fr-CA\" align=\"JUSTIFY\">de son propre chef et sans compensation avant le 31 d\u00e9c. 2025<\/p>\n<\/li>\n<li>\n<p lang=\"fr-CA\" align=\"JUSTIFY\">\u00e0 la demande des Jardins et avec compensation apr\u00e8s le 31 d\u00e9c. 2025.<\/p>\n<\/li>\n<\/ol>\n<p align=\"JUSTIFY\"><span lang=\"fr-CA\">5<\/span><sup><span lang=\"fr-CA\"><span style=\"font-size: small;\">e<\/span><\/span><\/sup><span lang=\"fr-CA\"> L\u2019aire r\u00e9siduelle d\u2019extraction possible est clairement circonscrite et situ\u00e9e \u00e0 <\/span><\/p>\n<p lang=\"fr-CA\" align=\"JUSTIFY\">la limite nord du site.<\/p>\n<p align=\"JUSTIFY\"><span lang=\"fr-CA\">6<\/span><sup><span lang=\"fr-CA\"><span style=\"font-size: small;\">e<\/span><\/span><\/sup><span lang=\"fr-CA\"> Exception faite de la zone d\u2019extraction mentionn\u00e9e en 5<\/span><sup><span lang=\"fr-CA\"><span style=\"font-size: small;\">e<\/span><\/span><\/sup><span lang=\"fr-CA\"> , l\u2019ensemble du site <\/span><\/p>\n<p lang=\"fr-CA\" align=\"JUSTIFY\">est disponible pour les projets des Jardins du Mondrain d\u00e8s la signature du<\/p>\n<p lang=\"fr-CA\" align=\"JUSTIFY\">contrat.<\/p>\n<p align=\"JUSTIFY\"><span lang=\"fr-CA\">7<\/span><sup><span lang=\"fr-CA\"><span style=\"font-size: small;\">e<\/span><\/span><\/sup><span lang=\"fr-CA\"> La bande d&rsquo;arbres matures longeant le ruisseau est prot\u00e9g\u00e9e.<\/span><\/p>\n<p align=\"JUSTIFY\"><span lang=\"fr-CA\">8<\/span><sup><span lang=\"fr-CA\"><span style=\"font-size: small;\">e<\/span><\/span><\/sup><span lang=\"fr-CA\"> \u00c0 m\u00eame la nouvelle zone d\u2019extraction autoris\u00e9e, une section \u00e9quivalant \u00e0 5,000 tonnes de gravier exploitable sera laiss\u00e9e intacte pour les besoins \u00e9ventuels des Jardins du Mondrain.<\/span><\/p>\n<p align=\"JUSTIFY\"><span lang=\"fr-CA\">9<\/span><sup><span lang=\"fr-CA\"><span style=\"font-size: small;\">e<\/span><\/span><\/sup><span lang=\"fr-CA\"> L\u2019entrepreneur s\u2019engage \u00e0 la conformit\u00e9 du site aux normes autoris\u00e9es \u00e0 sa remise aux Jardins du Mondrain.<\/span><\/p>\n<p align=\"JUSTIFY\"><span lang=\"fr-CA\">10<\/span><sup><span lang=\"fr-CA\"><span style=\"font-size: small;\">e<\/span><\/span><\/sup><span lang=\"fr-CA\"> Les frais de l\u2019acte notari\u00e9 sont enti\u00e8rement assum\u00e9s par l\u2019entrepreneur.<\/span><\/p>\n<p align=\"JUSTIFY\"><span lang=\"fr-CA\">11<\/span><sup><span lang=\"fr-CA\"><span style=\"font-size: small;\">e<\/span><\/span><\/sup><span lang=\"fr-CA\"> Les droits de mutation (env. 100$) sont \u00e0 la charge des Jardins du Mondrain.<\/span><\/p>\n<p><strong>c) Ratification de l\u2019approbation du contrat et de la d\u00e9signation de <span lang=\"fr-CA\">deux repr\u00e9sentants pour le signer au nom des Jardins du Mondrain<\/span><\/strong><\/p>\n<p lang=\"fr-CA\" align=\"JUSTIFY\"><u><b>Consid\u00e9rant<\/b><\/u><b> <\/b>la valeur pr\u00e9sente et future<b> <\/b>ainsi que l\u2019importance \u00e0 plusieurs \u00e9gards de l\u2019avantage que la firme Claveau Concassage et Granulats lt\u00e9e accorde aux Jardins du Mondrain par la cession de ses titres de propri\u00e9t\u00e9 sur le lot 3,201,216 du cadastre officiel de la Municipalit\u00e9 de Saint-Anaclet de Lessard;<\/p>\n<p lang=\"fr-CA\" align=\"JUSTIFY\"><u><b>Attendu<\/b><\/u><b> <\/b>que le contrat pr\u00e9par\u00e9 par Me Nadia Heppell de la firme Notaires Michaud Charbonneau Heppell inc. pr\u00e9cise \u00e0 la satisfaction des Jardins du Mondrain les conditions d\u2019acquisition des titres de propri\u00e9t\u00e9 du site vis\u00e9;<\/p>\n<p lang=\"fr-CA\" align=\"JUSTIFY\"><u><b>Attendu<\/b><\/u><b> <\/b>l\u2019approbation du contrat et la d\u00e9signation de deux signataires par le conseil d\u2019administration des Jardins du Mondrain en date du 12 avril 2016;<\/p>\n<p lang=\"fr-CA\"><b>Il est r\u00e9solu \u00e0 l&rsquo;unanimit\u00e9 que&#8230; <\/b><\/p>\n<p lang=\"fr-CA\" align=\"JUSTIFY\">soit ratifi\u00e9e la d\u00e9cision du conseil d\u2019administration du 12 avril 2016 \u00e0 l\u2019effet\u00a0:<\/p>\n<p lang=\"fr-CA\" align=\"JUSTIFY\">a)<b> <\/b>d\u2019approuver tel que valid\u00e9 avec Me Nadia Heppell le contrat d\u2019acquisition de la propri\u00e9t\u00e9 du lot 3,201,216 du cadastre officiel de la Municipalit\u00e9 de Saint-Anaclet de Lessard, et<\/p>\n<p lang=\"fr-CA\" align=\"JUSTIFY\">b) de d\u00e9signer Messieurs Richard Boulanger, pr\u00e9sident, et Pierre-Paul C\u00f4t\u00e9, vice-pr\u00e9sident pour le signer au nom des Jardins du Mondrain<\/p>\n<p lang=\"fr-CA\" style=\"text-align: center;\">___________________________<\/p>\n<p lang=\"fr-CA\" style=\"text-align: right;\">__________________________<\/p>\n<p lang=\"fr-CA\" style=\"text-align: right;\">Richard Boulanger, pr\u00e9sident<\/p>\n<p align=\"JUSTIFY\">\n","protected":false},"excerpt":{"rendered":"<p>Acquisition des futurs Jardins du Mondrain\u00a0 (Lot 3,201,216 du cadastre officiel de la Municipalit\u00e9 de Saint-Anaclet) a)\u00a0 Historique des tractations De 2002\u00a0\u00e0 2007 En d\u00e9cembre 2002\u00a0: demande de prolongation du permis d\u2019exploitation de la gravi\u00e8re par la firme Entreprise Claveau &hellip; <a href=\"https:\/\/lesjardinsdumondrain.com\/?page_id=216\">Continuer la lecture <span class=\"meta-nav\">&rarr;<\/span><\/a><\/p>\n","protected":false},"author":1,"featured_media":0,"parent":0,"menu_order":0,"comment_status":"closed","ping_status":"closed","template":"","meta":{"footnotes":""},"class_list":["post-216","page","type-page","status-publish","hentry"],"jetpack_sharing_enabled":true,"_links":{"self":[{"href":"https:\/\/lesjardinsdumondrain.com\/index.php?rest_route=\/wp\/v2\/pages\/216","targetHints":{"allow":["GET"]}}],"collection":[{"href":"https:\/\/lesjardinsdumondrain.com\/index.php?rest_route=\/wp\/v2\/pages"}],"about":[{"href":"https:\/\/lesjardinsdumondrain.com\/index.php?rest_route=\/wp\/v2\/types\/page"}],"author":[{"embeddable":true,"href":"https:\/\/lesjardinsdumondrain.com\/index.php?rest_route=\/wp\/v2\/users\/1"}],"replies":[{"embeddable":true,"href":"https:\/\/lesjardinsdumondrain.com\/index.php?rest_route=%2Fwp%2Fv2%2Fcomments&post=216"}],"version-history":[{"count":8,"href":"https:\/\/lesjardinsdumondrain.com\/index.php?rest_route=\/wp\/v2\/pages\/216\/revisions"}],"predecessor-version":[{"id":1924,"href":"https:\/\/lesjardinsdumondrain.com\/index.php?rest_route=\/wp\/v2\/pages\/216\/revisions\/1924"}],"wp:attachment":[{"href":"https:\/\/lesjardinsdumondrain.com\/index.php?rest_route=%2Fwp%2Fv2%2Fmedia&parent=216"}],"curies":[{"name":"wp","href":"https:\/\/api.w.org\/{rel}","templated":true}]}}