{"id":206,"date":"2015-12-30T21:44:07","date_gmt":"2015-12-31T02:44:07","guid":{"rendered":"http:\/\/www.jardinsdumondrain.com\/?page_id=206"},"modified":"2019-11-18T11:41:41","modified_gmt":"2019-11-18T16:41:41","slug":"logo","status":"publish","type":"page","link":"https:\/\/lesjardinsdumondrain.com\/?page_id=206","title":{"rendered":"Logo"},"content":{"rendered":"<h2 style=\"text-align: center;\"><span style=\"color: #333333;\">Un logo sur mesure pour <em>Les Jardins du Mondrain<\/em><\/span><\/h2>\n<p style=\"text-align: justify;\"><span style=\"color: #333333;\"><img loading=\"lazy\" decoding=\"async\" class=\"wp-image-187 alignright\" src=\"http:\/\/www.lesjardinsdumondrain.com\/wp-content\/uploads\/2015\/12\/Logo-d\u00e9finitif.jpg\" alt=\"Logo d\u00e9finitif\" width=\"335\" height=\"353\" \/><\/span><\/p>\n<p style=\"text-align: justify;\"><span style=\"color: #333333;\">Ce n\u2019\u00e9tait vraiment pas un mandat facile que nous avions confi\u00e9 \u00e0 notre illustrateur en lui demandant de concevoir un logo pour notre association. Nous souhaitions en effet que la repr\u00e9sentation visuelle des <em>Jardins du Mondrain<\/em> suffise en elle-m\u00eame \u00e0 illustrer la beaut\u00e9 de notre projet, sa diversit\u00e9, son remarquable potentiel ainsi que le pouvoir attractif de l\u2019ambition qui anime les personnes qui s\u2019y activent. Le mandat initial a donc \u00e9t\u00e9 formul\u00e9 de la fa\u00e7on suivante\u00a0:<\/span><\/p>\n<p>&nbsp;<\/p>\n<p><strong>But\u00a0<\/strong>: Produire une illustration repr\u00e9sentative et invitante de l\u2019originalit\u00e9, de la pertinence \u00e9cologique et sociale ainsi que de la beaut\u00e9 du projet \u00ab\u00a0<strong>Les Jardins du Mondrain\u00a0<\/strong>\u00bb.<\/p>\n<p><strong>Moyen<\/strong>: Un dessin promotionnel proposant\u00a0symboliquement les \u00e9l\u00e9ments suivants\u00a0:<\/p>\n<ul>\n<li>Un espace tr\u00e8s vaste,<\/li>\n<li>Un effet de perspective saisissant des lieux physiques et de l\u2019avenir du projet,<\/li>\n<li>Beaucoup de lumi\u00e8re et des couleurs chaudes,<\/li>\n<li>Une \u00e9vocation claire du Mondrain avec sa croix caract\u00e9ristique, tant au plan historique que panoramique,<\/li>\n<li>Un jardin sugg\u00e9rant \u00e0 la fois hobbies et perspectives de productivit\u00e9,<\/li>\n<li>Un sentier sugg\u00e9rant promenades et acc\u00e8s pour les travaux,<\/li>\n<li>Des arbres au loin sur le site pour repr\u00e9senter la flore,<\/li>\n<li>La pr\u00e9sence humaine\u00a0: adulte-travail-loisir et enfance-jeu,<\/li>\n<li>Une pr\u00e9sence animale pour repr\u00e9senter la faune,<\/li>\n<li>Une repr\u00e9sentation de notre pommetier-f\u00e9tiche.<\/li>\n<\/ul>\n<p>Enthousiasm\u00e9s par la proposition initiale soumise par notre illustrateur, les membres des <em><strong>Jardins du Mondrain<\/strong><\/em>, r\u00e9unis en assembl\u00e9e g\u00e9n\u00e9rale le 11 novembre 2015, y sont all\u00e9s de quelques suggestions propres \u00e0 enrichir notre logo\u00a0:<\/p>\n<ul>\n<li>L\u2019ajout d\u2019une pr\u00e9sence f\u00e9minine dans les <em><strong>Jardins du Mondrain<\/strong><\/em>, refl\u00e9tant ainsi la dimension familiale des activit\u00e9s possibles sur le site.<\/li>\n<li>L\u2019ajout d\u2019une repr\u00e9sentation de la gent-ail\u00e9e comme symbole de l\u2019ouverture du site aux plaisirs de l\u2019observation des oiseaux, \u00e0 titre personnel ou comme membre d&rsquo;un club d\u2019ornithologie.<\/li>\n<\/ul>\n<p>Bravo et grands mercis \u00e0 notre illustrateur Daniel Boulanger et \u00e0 tous ceux et celles qui ont contribu\u00e9 \u00e0 forger un logo si riche, si attrayant et si repr\u00e9sentatif.<\/p>\n<p>En conclusion, impossible pour nous d\u2019\u00eatre plus fiers de notre image corporative !<\/p>\n<p>Bureau de direction<br \/>\nLe 1er juin 2016<\/p>\n","protected":false},"excerpt":{"rendered":"<p>Un logo sur mesure pour Les Jardins du Mondrain Ce n\u2019\u00e9tait vraiment pas un mandat facile que nous avions confi\u00e9 \u00e0 notre illustrateur en lui demandant de concevoir un logo pour notre association. Nous souhaitions en effet que la repr\u00e9sentation &hellip; <a href=\"https:\/\/lesjardinsdumondrain.com\/?page_id=206\">Continuer la lecture <span class=\"meta-nav\">&rarr;<\/span><\/a><\/p>\n","protected":false},"author":1,"featured_media":0,"parent":23,"menu_order":0,"comment_status":"closed","ping_status":"closed","template":"","meta":{"footnotes":""},"class_list":["post-206","page","type-page","status-publish","hentry"],"jetpack_sharing_enabled":true,"_links":{"self":[{"href":"https:\/\/lesjardinsdumondrain.com\/index.php?rest_route=\/wp\/v2\/pages\/206","targetHints":{"allow":["GET"]}}],"collection":[{"href":"https:\/\/lesjardinsdumondrain.com\/index.php?rest_route=\/wp\/v2\/pages"}],"about":[{"href":"https:\/\/lesjardinsdumondrain.com\/index.php?rest_route=\/wp\/v2\/types\/page"}],"author":[{"embeddable":true,"href":"https:\/\/lesjardinsdumondrain.com\/index.php?rest_route=\/wp\/v2\/users\/1"}],"replies":[{"embeddable":true,"href":"https:\/\/lesjardinsdumondrain.com\/index.php?rest_route=%2Fwp%2Fv2%2Fcomments&post=206"}],"version-history":[{"count":9,"href":"https:\/\/lesjardinsdumondrain.com\/index.php?rest_route=\/wp\/v2\/pages\/206\/revisions"}],"predecessor-version":[{"id":1481,"href":"https:\/\/lesjardinsdumondrain.com\/index.php?rest_route=\/wp\/v2\/pages\/206\/revisions\/1481"}],"up":[{"embeddable":true,"href":"https:\/\/lesjardinsdumondrain.com\/index.php?rest_route=\/wp\/v2\/pages\/23"}],"wp:attachment":[{"href":"https:\/\/lesjardinsdumondrain.com\/index.php?rest_route=%2Fwp%2Fv2%2Fmedia&parent=206"}],"curies":[{"name":"wp","href":"https:\/\/api.w.org\/{rel}","templated":true}]}}