{"id":1570,"date":"2020-10-23T11:41:01","date_gmt":"2020-10-23T15:41:01","guid":{"rendered":"http:\/\/lesjardinsdumondrain.com\/?page_id=1570"},"modified":"2021-01-18T11:37:24","modified_gmt":"2021-01-18T16:37:24","slug":"ituha","status":"publish","type":"page","link":"https:\/\/lesjardinsdumondrain.com\/?page_id=1570","title":{"rendered":"Ituha"},"content":{"rendered":"<p><img loading=\"lazy\" decoding=\"async\" class=\"aligncenter wp-image-1569 size-full\" src=\"https:\/\/lesjardinsdumondrain.com\/wp-content\/uploads\/2020\/10\/Ituha-1.jpg\" alt=\"\" width=\"1000\" height=\"350\" srcset=\"https:\/\/lesjardinsdumondrain.com\/wp-content\/uploads\/2020\/10\/Ituha-1.jpg 1000w, https:\/\/lesjardinsdumondrain.com\/wp-content\/uploads\/2020\/10\/Ituha-1-300x105.jpg 300w, https:\/\/lesjardinsdumondrain.com\/wp-content\/uploads\/2020\/10\/Ituha-1-768x269.jpg 768w\" sizes=\"auto, (max-width: 1000px) 100vw, 1000px\" \/><\/p>\n<p style=\"text-align: left;\"><span style=\"color: #000080;\"><strong><em><span style=\"font-family: 'comic sans ms', sans-serif; font-size: 12pt;\">Chers internautes,<\/span><\/em><\/strong><\/span><\/p>\n<p style=\"text-align: left;\"><span style=\"color: #000080;\"><strong><em><span style=\"font-family: 'comic sans ms', sans-serif;\">Le besoin de communiquer, c\u2019est universel et visc\u00e9ral. Tout\u00a0particuli\u00e8rement pour des personnes comme VOUS et NOUS, membres des Jardins du Mondrain, qui :<\/span><\/em><\/strong><\/span><\/p>\n<p style=\"text-align: left;\"><span style=\"color: #000080;\"><strong><em><span style=\"font-family: 'comic sans ms', sans-serif;\">\u00a0 \u00b7 \u00a0avons en commun un projet d\u2019envergure, original et stimulant ;<\/span><\/em><\/strong><\/span><br \/>\n<span style=\"color: #000080;\"><strong><em><span style=\"font-family: 'comic sans ms', sans-serif;\">\u00a0 \u00b7 \u00a0partageons ensemble l\u2019ambition tr\u00e8s claire de r\u00e9ussir \u00e0 le mettre au monde ;<\/span><\/em><\/strong><\/span><br \/>\n<span style=\"color: #000080;\"><strong><em><span style=\"font-family: 'comic sans ms', sans-serif;\">\u00a0 \u00b7\u00a0 et avons le temps qu\u2019il faut pour y travailler car la port\u00e9e et la croissance\u00a0 \u00a0 \u00a0 \u00a0de ce projet sont interg\u00e9n\u00e9rationnelles.<\/span><\/em><\/strong><\/span><\/p>\n<p><span style=\"color: #000080;\"><strong><em><span style=\"font-family: 'comic sans ms', sans-serif;\">Une tr\u00e8s honorable initiative en effet, car les Jardins du Mondrain, c\u2019est un projet promoteur pour la qualit\u00e9 de la vie dans notre milieu en m\u00eame temps que pour la sant\u00e9 et la beaut\u00e9 de la nature dans ce coin de pays que nous habitons. Dans sa forme, \u00ab Les Jardins du Mondrain \u00bb appelle \u00e0 la cr\u00e9ativit\u00e9 collective et devient de plus en plus un terreau fertile de convivialit\u00e9 dynamique, non seulement pour les gens qui vivent ici, mais \u00e9galement pour ceux de nos anciens r\u00e9sidents qui s\u2019int\u00e9ressent toujours \u00e0 ce qui se passe chez-nous et qui, de temps en temps, viennent voir ce que nous faisons de ce qu\u2019ils nous ont laiss\u00e9.<\/span><\/em><\/strong><\/span><\/p>\n<p style=\"text-align: left;\" align=\"justify\"><span style=\"color: #000080;\"><strong><em><span style=\"font-family: 'comic sans ms', sans-serif;\">Pour le succ\u00e8s d\u2019un tel projet, la qualit\u00e9, la diversit\u00e9 et la fr\u00e9quence des communications avec tous nos membres sont essentielles et d\u00e9terminantes car c\u2019est par elles seules que pourront grandir l\u2019int\u00e9r\u00eat et l\u2019adh\u00e9sion de tous. C\u2019est tout un d\u00e9fi ! L\u2019int\u00e9r\u00eat et l\u2019adh\u00e9sion, ce sont des plantes qu\u2019il faut beaucoup arroser.<\/span><\/em><\/strong><\/span><\/p>\n<p><span style=\"color: #000080;\"><strong><em><span style=\"font-family: 'comic sans ms', sans-serif;\">\u00c0 ce jour, nous avons ouvert deux corridors de communications pour les membres de notre organisation : <span style=\"text-decoration: underline;\">premi\u00e8rement<\/span> notre secr\u00e9tariat pour les informations et convocations corporatives officielles et courantes et <span style=\"text-decoration: underline;\">deuxi\u00e8mement<\/span> notre site internet pour la diffusion de notre image corporative et pour la pr\u00e9sentation au public \u201cat large\u201d de nos ambitions, de nos actions et de nos r\u00e9alisations.<\/span><\/em><\/strong> <\/span><span style=\"font-family: 'comic sans ms', sans-serif;\"><strong><em>( Cf : <a href=\"http:\/\/lesjardinsdumondrain.com\/\">https:\/\/lesjardinsdumondrain.com<\/a>).<\/em><\/strong><\/span><\/p>\n<p style=\"text-align: left;\" align=\"justify\"><span style=\"color: #000080;\"><strong><em><span style=\"font-family: 'comic sans ms', sans-serif;\">Mais m\u00eame avec ces deux canaux de communications, nous avons souvent l\u2019impression de manquer de belles occasions de vous associer, vous nos membres, aux initiatives qui se prennent et aux bons coups, insuffisamment soulign\u00e9s avouons-le, qui se font r\u00e9guli\u00e8rement et dont tous vous pourriez et auriez le droit d\u2019\u00eatre fiers vous aussi.\u00a0Aujourd\u2019hui nous cr\u00e9ons donc un troisi\u00e8me lien avec VOUS : celui d\u2019un petit \u201cbulletin de nouvelles du jour\u201d, sans p\u00e9riodicit\u00e9 fixe, mais visant \u00e0 vous tenir dans le coup de ce qui se passe au quotidien et de ce qui se dit entre nous et \u00e0 notre sujet \u201cdans le quartier\u201d. Ce petit bulletin sans pr\u00e9tention, nous l\u2019appellerons, comme vous l\u2019aurez sans doute d\u00e9j\u00e0 remarqu\u00e9, <span style=\"color: #993300;\">\u00c9chos du Mondrain<\/span> \u2026<\/span><\/em><\/strong><\/span><\/p>\n<p style=\"text-align: left;\" align=\"justify\"><span style=\"color: #000080;\"><em><strong><span style=\"font-family: 'comic sans ms', sans-serif;\">Question tr\u00e8s pratique : Qui va s\u2019occuper de \u00e7a ?.. Eh bien je suis heureux, en tant que pr\u00e9sident, de vous annoncer qu\u2019une personne de notre Corporation \u2013 dont je tairai le nom pour l\u2019instant &#8211; a accept\u00e9 de s\u2019occuper de la production de ce petit bulletin de nouvelles. Cette personne myst\u00e9rieuse signera ses messages sous l\u2019intriguant nom de plume de \u201cItuha\u201d, un mot emprunt\u00e9 aux Am\u00e9rindiens, dont le sens s\u2019inscrit comme sur mesure dans le pr\u00e9sent et dans le futur des <\/span><span style=\"font-family: 'comic sans ms', sans-serif;\"><span style=\"color: #993300;\">Jardins du Mondrain.<\/span><\/span><\/strong><\/em><\/span><\/p>\n<p style=\"text-align: left;\" align=\"justify\"><span style=\"color: #000080;\"><em><strong><span style=\"font-family: 'comic sans ms', sans-serif;\">Je remercie donc Ituha de ce pr\u00e9cieux coup de main et quant \u00e0 vous, chers membres, je vous laisse en terminant le soin d\u2019essayer de percer le myst\u00e8re de la signification du nom de plume que nous avons attribu\u00e9 \u00e0 notre apprenti-journaliste.<\/span><\/strong><\/em><\/span><\/p>\n<p><span style=\"color: #000080;\"><em><strong><span style=\"font-family: 'comic sans ms', sans-serif;\">Votre pr\u00e9sident,<\/span><\/strong><\/em><\/span><br \/>\n<span style=\"color: #000080;\"><em><strong><span style=\"font-family: 'comic sans ms', sans-serif;\">Jean-Pierre Lamontagne<\/span><\/strong><\/em><\/span><br \/>\n<span style=\"color: #000080;\"><em><strong><span style=\"font-family: 'comic sans ms', sans-serif;\">15 septembre 2019<\/span><\/strong><\/em><\/span><\/p>\n<p><span style=\"color: #993300;\"><span style=\"font-family: Comic Sans MS, serif;\"><span style=\"font-size: medium;\"><i><span style=\"font-size: 12pt;\"><strong>Note de l\u2019auteur<\/strong><\/span><\/i><\/span><\/span><\/span><\/p>\n<p style=\"text-align: left;\" align=\"justify\"><span style=\"color: #000080;\"><em><strong><span style=\"font-family: 'comic sans ms', sans-serif;\">\u00c0 l\u2019invitation de notre webmestre, avec la b\u00e9n\u00e9diction du Bureau de direction, j\u2019ai souscrit \u00e0 l\u2019id\u00e9e de publier sur le site les bulletins de nouvelles <span style=\"color: #993300;\">\u00c9chos du Mondrain<\/span>, en y apportant toutefois les retouches n\u00e9cessaires pour les rendre plus familiers et plus parlants pour un public diversifi\u00e9 comme celui des internautes. Retouches de formes \u00e9galement pour s\u2019accommoder comme pour profiter des particularit\u00e9s que pr\u00e9sente le format num\u00e9rique comparativement \u00e0 la publication sur papier.<\/span><\/strong><\/em><\/span><\/p>\n<p><span style=\"color: #000080;\"><strong><em><span style=\"font-family: 'comic sans ms', sans-serif;\">Ituha<\/span><\/em><\/strong><\/span><br \/>\n<span style=\"color: #000080;\"><strong><em><span style=\"font-family: 'comic sans ms', sans-serif;\">27 octobre 2020<\/span><\/em><\/strong><\/span><\/p>\n<p>&nbsp;<\/p>\n","protected":false},"excerpt":{"rendered":"<p>Chers internautes, Le besoin de communiquer, c\u2019est universel et visc\u00e9ral. Tout\u00a0particuli\u00e8rement pour des personnes comme VOUS et NOUS, membres des Jardins du Mondrain, qui : \u00a0 \u00b7 \u00a0avons en commun un projet d\u2019envergure, original et stimulant ; \u00a0 \u00b7 \u00a0partageons &hellip; <a href=\"https:\/\/lesjardinsdumondrain.com\/?page_id=1570\">Continuer la lecture <span class=\"meta-nav\">&rarr;<\/span><\/a><\/p>\n","protected":false},"author":1,"featured_media":0,"parent":0,"menu_order":0,"comment_status":"closed","ping_status":"closed","template":"","meta":{"footnotes":""},"class_list":["post-1570","page","type-page","status-publish","hentry"],"jetpack_sharing_enabled":true,"_links":{"self":[{"href":"https:\/\/lesjardinsdumondrain.com\/index.php?rest_route=\/wp\/v2\/pages\/1570","targetHints":{"allow":["GET"]}}],"collection":[{"href":"https:\/\/lesjardinsdumondrain.com\/index.php?rest_route=\/wp\/v2\/pages"}],"about":[{"href":"https:\/\/lesjardinsdumondrain.com\/index.php?rest_route=\/wp\/v2\/types\/page"}],"author":[{"embeddable":true,"href":"https:\/\/lesjardinsdumondrain.com\/index.php?rest_route=\/wp\/v2\/users\/1"}],"replies":[{"embeddable":true,"href":"https:\/\/lesjardinsdumondrain.com\/index.php?rest_route=%2Fwp%2Fv2%2Fcomments&post=1570"}],"version-history":[{"count":41,"href":"https:\/\/lesjardinsdumondrain.com\/index.php?rest_route=\/wp\/v2\/pages\/1570\/revisions"}],"predecessor-version":[{"id":1743,"href":"https:\/\/lesjardinsdumondrain.com\/index.php?rest_route=\/wp\/v2\/pages\/1570\/revisions\/1743"}],"wp:attachment":[{"href":"https:\/\/lesjardinsdumondrain.com\/index.php?rest_route=%2Fwp%2Fv2%2Fmedia&parent=1570"}],"curies":[{"name":"wp","href":"https:\/\/api.w.org\/{rel}","templated":true}]}}