{"id":1339,"date":"2019-05-25T18:33:50","date_gmt":"2019-05-25T22:33:50","guid":{"rendered":"http:\/\/lesjardinsdumondrain.com\/?page_id=1339"},"modified":"2021-01-18T11:28:08","modified_gmt":"2021-01-18T16:28:08","slug":"annee-2019","status":"publish","type":"page","link":"https:\/\/lesjardinsdumondrain.com\/?page_id=1339","title":{"rendered":"Ann\u00e9e 2019"},"content":{"rendered":"<h3><strong><span style=\"color: #993300;\">Samedi 7 septembre 2019 &#8211; D\u00eener annuel des membres<\/span><\/strong><\/h3>\n<p style=\"text-align: justify;\">Ce midi, une poign\u00e9e de membres ont r\u00e9pondu pr\u00e9sents au d\u00eener qui s&rsquo;est tenu dans une salle du Centre communautaire en raison du temps plut\u00f4t maussade. Par la suite, profitant d&rsquo;une accalmie avant la pluie, un petit groupe s&rsquo;est rendu sur le terrain pour arpenter les sentiers et constater les progr\u00e8s r\u00e9alis\u00e9s au cours de l&rsquo;\u00e9t\u00e9. Une mention sp\u00e9ciale de reconnaissance \u00e0 Pierre-Paul pour l&rsquo;am\u00e9lioration et l&rsquo;entretien des sentiers.<\/p>\n<p style=\"text-align: justify;\">Mentionnons \u00e9galement le travail soutenu et acharn\u00e9 de Richard qui a finalement termin\u00e9 l&rsquo;am\u00e9nagement de la premi\u00e8re pouponni\u00e8re, et celui de Jean-Pierre qui a consacr\u00e9 quelques dizaines d&rsquo;heures \u00e0 tondre le gazon autour de la haie brise-vent. Tout en d\u00e9plorant la perte d&rsquo;une vingtaine d&rsquo;arbustes transplant\u00e9s le 25 mai dernier, on constate que cette derni\u00e8re op\u00e9ration en temps opportun, juste apr\u00e8s la fonte des neiges, fut un r\u00e9el succ\u00e8s !<\/p>\n<p style=\"text-align: justify;\">Au tour du Comit\u00e9 d&rsquo;am\u00e9nagement de planifier la suite des op\u00e9rations \u00e0 mener, soit \u00e0 l&rsquo;automne de la pr\u00e9sente ann\u00e9e soit au printemps 2020.<\/p>\n<h3><strong><span style=\"color: #993300;\">Samedi 29 juin 2019 &#8211; Creusage des fontaines<\/span><\/strong><\/h3>\n<p style=\"text-align: justify;\">Ce matin, deux fontaines ont \u00e9t\u00e9 creus\u00e9es et s\u00e9curis\u00e9es gr\u00e2ce \u00e0 la pr\u00e9cieuse collaboration de Simon Castonguay et de quelques membres volontaires. Pendant que les uns travaillaient aux fontaines, d\u2019autres s\u2019affairaient \u00e0 tondre autour des arbres nouvellement plant\u00e9s. Depuis ce temps, on a pu observer une nouvelle esp\u00e8ce de planteurs\/nettoyeurs et planteuses\/nettoyeuses qui arpentent les Jardins en tous sens.<\/p>\n<p style=\"text-align: justify;\"><span style=\"font-family: georgia,palatino,serif; font-size: 12pt;\"><span style=\"color: #000000;\">En ce d\u00e9but de juillet, deux importants travaux prioris\u00e9s sont compl\u00e9t\u00e9s. En prime, Pierre-Paul C\u00f4t\u00e9 a nettoy\u00e9 le sentier bordant les Jardins. <\/span><span style=\"color: #000000;\">Claire Lepage et Guy Leclerc ont nettoy\u00e9 la plate-bande de fleurs autour de l\u2019enseigne. Nos Jardins se sont faits beaux pour nos rencontres estivales afin que nous puissions nous y amuser.<\/span><\/span><\/p>\n<div id=\"attachment_1451\" style=\"width: 238px\" class=\"wp-caption alignright\"><img loading=\"lazy\" decoding=\"async\" aria-describedby=\"caption-attachment-1451\" class=\"wp-image-1451 size-medium\" src=\"https:\/\/lesjardinsdumondrain.com\/wp-content\/uploads\/2019\/07\/Arroseuse-228x300.jpg\" alt=\"\" width=\"228\" height=\"300\" srcset=\"https:\/\/lesjardinsdumondrain.com\/wp-content\/uploads\/2019\/07\/Arroseuse-228x300.jpg 228w, https:\/\/lesjardinsdumondrain.com\/wp-content\/uploads\/2019\/07\/Arroseuse-768x1013.jpg 768w, https:\/\/lesjardinsdumondrain.com\/wp-content\/uploads\/2019\/07\/Arroseuse-777x1024.jpg 777w, https:\/\/lesjardinsdumondrain.com\/wp-content\/uploads\/2019\/07\/Arroseuse.jpg 1517w\" sizes=\"auto, (max-width: 228px) 100vw, 228px\" \/><p id=\"caption-attachment-1451\" class=\"wp-caption-text\">Photo Richard<\/p><\/div>\n<div id=\"attachment_1452\" style=\"width: 330px\" class=\"wp-caption alignleft\"><img loading=\"lazy\" decoding=\"async\" aria-describedby=\"caption-attachment-1452\" class=\"wp-image-1452\" src=\"http:\/\/lesjardinsdumondrain.com\/wp-content\/uploads\/2019\/07\/Fontaine_Camille-300x244.jpg\" alt=\"\" width=\"320\" height=\"261\" srcset=\"https:\/\/lesjardinsdumondrain.com\/wp-content\/uploads\/2019\/07\/Fontaine_Camille-300x244.jpg 300w, https:\/\/lesjardinsdumondrain.com\/wp-content\/uploads\/2019\/07\/Fontaine_Camille.jpg 759w\" sizes=\"auto, (max-width: 320px) 100vw, 320px\" \/><p id=\"caption-attachment-1452\" class=\"wp-caption-text\">Photo Camille<\/p><\/div>\n<p>&nbsp;<\/p>\n<p>&nbsp;<\/p>\n<p>&nbsp;<\/p>\n<p>&nbsp;<\/p>\n<p>&nbsp;<\/p>\n<p>&nbsp;<\/p>\n<p>&nbsp;<\/p>\n<p>(Autres photos dans Galerie \/Pouponni\u00e8re)<\/p>\n<h3>Camille L\u00e9vesque, secr\u00e9taire<\/h3>\n<h3><span style=\"color: #993300;\"><strong>Mercredi 12 juin 2019 &#8211; Rencontre Pr\u00e9sident &#8211; M. L\u00e9vi Claveau<\/strong><\/span><\/h3>\n<h3><span style=\"font-family: georgia,palatino,serif; font-size: 12pt;\"><span lang=\"fr-CA\"><b>Entre personnes d\u2019exp\u00e9rience et d\u2019efficacit\u00e9<\/b><\/span><span lang=\"fr-CA\"><b>, \u00e7a clique !<\/b><\/span><\/span><\/h3>\n<p style=\"text-align: justify;\"><span style=\"font-family: georgia,palatino,serif; font-size: 12pt;\"><span lang=\"fr-CA\">Ce matin du 12 juin 2019, c\u2019\u00e9tait le premier et fort cordial contact, au bureau de <\/span><span lang=\"fr-CA\"><i>Claveau Concassage et Granulats ltee<\/i><\/span><span lang=\"fr-CA\">, entre notre nouveau pr\u00e9sident Jean-Pierre Lamontagne et M L\u00e9vis Claveau, l\u2019artisan de premi\u00e8re instance de notre projet des Jardins du Mondrain.<\/span><\/span><\/p>\n<p><img loading=\"lazy\" decoding=\"async\" class=\"aligncenter wp-image-1448\" src=\"http:\/\/lesjardinsdumondrain.com\/wp-content\/uploads\/2019\/07\/20190612_Rencontre_JPJ_CL-1024x737.jpg\" alt=\"\" width=\"400\" height=\"288\" srcset=\"https:\/\/lesjardinsdumondrain.com\/wp-content\/uploads\/2019\/07\/20190612_Rencontre_JPJ_CL-1024x737.jpg 1024w, https:\/\/lesjardinsdumondrain.com\/wp-content\/uploads\/2019\/07\/20190612_Rencontre_JPJ_CL-300x216.jpg 300w, https:\/\/lesjardinsdumondrain.com\/wp-content\/uploads\/2019\/07\/20190612_Rencontre_JPJ_CL-768x553.jpg 768w, https:\/\/lesjardinsdumondrain.com\/wp-content\/uploads\/2019\/07\/20190612_Rencontre_JPJ_CL.jpg 1060w\" sizes=\"auto, (max-width: 400px) 100vw, 400px\" \/><\/p>\n<p style=\"text-align: justify;\"><span style=\"font-family: georgia,palatino,serif; font-size: 12pt;\"><span lang=\"fr-CA\">Efficaces et exp\u00e9ditifs \u00e0 la mani\u00e8re des gens d\u2019affaires, les deux hommes se sont rapidement entendus sur les modalit\u00e9s du pr\u00e9l\u00e8vement sur le site du gravier requis \u00e0 la consolidation minimale du chemin d\u2019acc\u00e8s jusqu\u2019\u00e0 la pouponni\u00e8re ainsi qu\u2019\u00e0 l\u2019am\u00e9lioration de quelques passages du sentier de promenade amorc\u00e9 lors de nos r\u00e9centes corv\u00e9es.<\/span><\/span><\/p>\n<p style=\"text-align: justify;\"><span style=\"font-family: georgia,palatino,serif; font-size: 12pt;\"><span lang=\"fr-CA\">Pourquoi avoir choisi de r\u00e9aliser ces travaux de base en tout premier lieu ? Simplement pour donner \u00e0 nos membres ( c\u2019est vous \u00e7a ) &#8212; et aux amis que vous y am\u00e8nerez &#8212; l\u2019occasion de venir sur le site et d\u2019y activer votre imagination et vos m\u00e9ninges dans le choix de ce que pourra devenir \u00e0 court et \u00e0 moyen terme ce beau projet communautaire. <\/span><span lang=\"fr-CA\">Et \u00e7a continue\u2026<\/span><\/span><\/p>\n<p lang=\"fr-CA\"><span style=\"font-family: georgia,palatino,serif; font-size: 12pt;\">Richard Boulanger, membre<\/span><\/p>\n<h3><span style=\"font-size: 16px;\"><strong><span style=\"color: #800000;\">Samedi 25 mai 2019 &#8211; Premi\u00e8re corv\u00e9e de transplantation<\/span><\/strong><\/span><\/h3>\n<p align=\"JUSTIFY\">Suite \u00e0 l&rsquo;adoption du plan d&rsquo;am\u00e9nagement 2019-20, il fut convenu d&rsquo;accorder la priorit\u00e9 \u00e0 la r\u00e9fection de la haie coupe-brise qui a subi les caprices de la nature au cours des deux derni\u00e8res ann\u00e9es : s\u00e9cheresse, vents et vandalisme. Presque la moiti\u00e9 des arbustes ont p\u00e9ri et il fallait les remplacer.<\/p>\n<p align=\"JUSTIFY\">Une poign\u00e9e de membres courageux et disponibles, ont r\u00e9pondu \u00e0 l&rsquo;appel de la corv\u00e9e lanc\u00e9e par le Pr\u00e9sident. Pendant que Simon avec sa pelle m\u00e9canique arrachait et chargeait les arbustes sur le <em>trailer<\/em> de Pierre-Paul et que celui-ci les transportait sur le terrain avec son VTT, l&rsquo;\u00e9quipe de transplanteurs compos\u00e9e de Jean-Pierre, France, Rock, Martin et Jacques, essayait tant bien que mal de tenir la cadence. Travail p\u00e9nible et exigeant pour nos pauvres vieux \u00a0reins, il faut en convenir ! Au point que Jacques a d\u00fb s&rsquo;allonger quelques moments le long de la haie pour r\u00e9cup\u00e9rer.<\/p>\n<p align=\"JUSTIFY\">Apr\u00e8s le lunch, le travail a repris et nous avons eu la visite surprise du photographe officiel, ma\u00eetre Richard, qui n&rsquo;a que le titre de la fonction, assist\u00e9 de sa fid\u00e8le compagne Huguette. En milieu d&rsquo;apr\u00e8s-midi, pour ne pas dire en fin de journ\u00e9e, une autre surprise majeure nous attendait ! Cette fois, c&rsquo;est Erwann \u00a0qui est venu nous rejoindre avec sa copine Sara. Et Richard. qui ne manque jamais une occasion de tirer la pipe \u00e0 tout chacun, a propos\u00e9 qu&rsquo;on prenne une photo des <strong>figurants<\/strong> ainsi que de l&rsquo;\u00e9quipe des travailleurs et travailleuses. \u00a0Ce qui fut fait de la main m\u00eame de France. \u00c0 voir la fra\u00eecheur de leur visage, on devine que les figurants et figurantes n&rsquo;ont pas beaucoup transpir\u00e9 durant la journ\u00e9e !<\/p>\n<div id=\"attachment_1346\" style=\"width: 280px\" class=\"wp-caption alignleft\"><img loading=\"lazy\" decoding=\"async\" aria-describedby=\"caption-attachment-1346\" class=\"wp-image-1346\" src=\"http:\/\/lesjardinsdumondrain.com\/wp-content\/uploads\/2019\/05\/IMG_7776-300x228.jpg\" alt=\"\" width=\"270\" height=\"205\" \/><p id=\"caption-attachment-1346\" class=\"wp-caption-text\">\u00c9quipe des travailleurs et travailleuses<\/p><\/div>\n<div id=\"attachment_1351\" style=\"width: 290px\" class=\"wp-caption alignright\"><img loading=\"lazy\" decoding=\"async\" aria-describedby=\"caption-attachment-1351\" class=\"wp-image-1351\" src=\"http:\/\/lesjardinsdumondrain.com\/wp-content\/uploads\/2019\/05\/IMG_7785-300x203.jpg\" alt=\"\" width=\"280\" height=\"189\" \/><p id=\"caption-attachment-1351\" class=\"wp-caption-text\">\u00c9quipe des figurants et figurantes<\/p><\/div>\n<p align=\"JUSTIFY\">Mentionnons aussi qu&rsquo;en raison de la fragilit\u00e9 du terrain, boueux \u00e0 certains endroits suite aux r\u00e9centes pluies, Martin s&rsquo;est enlis\u00e9 ce matin avec son voyage de compost. Alors qu&rsquo;on aurait pu croire \u00e0 une erreur d&rsquo;attention ou \u00e0 un manque d&rsquo;exp\u00e9rience de sa part, voil\u00e0 que ce fut au tour de Pierre-Paul de s&rsquo;enliser lui aussi en fin d&rsquo;apr\u00e8s-midi avec son dernier voyage d&rsquo;arbustes. Peut-\u00eatre voulait-il nous \u00e9pater avec son VTT et nous faire une d\u00e9monstration de sa vaste exp\u00e9rience ? Qui sait ! Tout de m\u00eame, il a su r\u00e9parer son erreur en transbordant lui-m\u00eame les lourdes mottes de terre des arbustes aux endroits appropri\u00e9s, all\u00e9geant ainsi le<em> trailer <\/em>pour ensuite le sortir du\u00a0bourbier<em>. <\/em>Bravo Pierre-Paul. L&rsquo;honneur des C\u00f4t\u00e9 est sauv\u00e9 !<\/p>\n<p align=\"JUSTIFY\">Simon n&rsquo;a pas m\u00e9nag\u00e9 ses efforts non plus. Pendant que l&rsquo;on s&rsquo;amusait \u00e0 regarder Pierre-Paul se tirer d&rsquo;affaire, Simon et Martin s&rsquo;affairaient \u00e0 d\u00e9terrer un tuyau ondul\u00e9, situ\u00e9 pr\u00e8s de la barri\u00e8re et n&rsquo;ayant plus aucune utilit\u00e9, d&rsquo;une longueur suffisante pour \u00eatre divis\u00e9 en trois unit\u00e9s, qu&rsquo;ils utilis\u00e8rent pour refaire trois ponceaux situ\u00e9s le long du sentier sud dit <em>des\u00a0 \u00e9pinettes<\/em>.<\/p>\n<p align=\"JUSTIFY\">Une chronique du webmestre.<\/p>\n<p align=\"JUSTIFY\">(Voir les photos de la journ\u00e9e \u00e0 l&rsquo;onglet Galerie\/Plantation 2019)<\/p>\n<h3><span style=\"font-size: 16px;\"><strong><span style=\"color: #800000;\"><strong>Samedi 18 mai 2019 &#8211; Ouverture de la saison<\/strong><\/span><\/strong><\/span><\/h3>\n<p align=\"JUSTIFY\">En collaboration avec le nouveau Bureau de direction, quelques membres des comit\u00e9s d&rsquo;am\u00e9nagement et de terrain, dont Simon Castonguay, Pierre-Paul C\u00f4t\u00e9 et Jacques Dionne, ont amorc\u00e9 les travaux pr\u00e9vus au plan 2019-20, en ce premier samedi o\u00f9 les eaux fra\u00eechement retir\u00e9es ont permis d&rsquo;arpenter un peu le territoire.<\/p>\n<p align=\"JUSTIFY\">En avant-midi, Jean-Pierre, pr\u00e9sident fra\u00eechement \u00e9lu, s&rsquo;est affair\u00e9 \u00e0 s\u00e9lectionner des arbustes pour la prochaine transplantation, principalement des \u00e9pinettes et quelques bouleaux, pendant que Simon et Pierre-Paul ont fait du rep\u00e9rage de terrain dans les sentiers d\u00e9j\u00e0 am\u00e9nag\u00e9s. En apr\u00e8s-midi, Jacques les a rejoints pour apporter sa modeste contribution en d\u00e9pla\u00e7ant les jeunes bouleaux que Pierre-Paul n&rsquo;arr\u00eataient pas de couper, pendant que Simon s&rsquo;amusait comme un p&rsquo;tit fou sur sa pelle m\u00e9canique en arrachant les souches laiss\u00e9es par Pierre-Paul. Tout ce travail s&rsquo;est fait en harmonie, avec entrain et bonne humeur, bien que Jacques semblait plut\u00f4t d\u00e9pass\u00e9 par la cadence de ses deux compagnons de travail.<\/p>\n","protected":false},"excerpt":{"rendered":"<p>Samedi 7 septembre 2019 &#8211; D\u00eener annuel des membres Ce midi, une poign\u00e9e de membres ont r\u00e9pondu pr\u00e9sents au d\u00eener qui s&rsquo;est tenu dans une salle du Centre communautaire en raison du temps plut\u00f4t maussade. Par la suite, profitant d&rsquo;une &hellip; <a href=\"https:\/\/lesjardinsdumondrain.com\/?page_id=1339\">Continuer la lecture <span class=\"meta-nav\">&rarr;<\/span><\/a><\/p>\n","protected":false},"author":1,"featured_media":0,"parent":216,"menu_order":0,"comment_status":"closed","ping_status":"closed","template":"","meta":{"footnotes":""},"class_list":["post-1339","page","type-page","status-publish","hentry"],"jetpack_sharing_enabled":true,"_links":{"self":[{"href":"https:\/\/lesjardinsdumondrain.com\/index.php?rest_route=\/wp\/v2\/pages\/1339","targetHints":{"allow":["GET"]}}],"collection":[{"href":"https:\/\/lesjardinsdumondrain.com\/index.php?rest_route=\/wp\/v2\/pages"}],"about":[{"href":"https:\/\/lesjardinsdumondrain.com\/index.php?rest_route=\/wp\/v2\/types\/page"}],"author":[{"embeddable":true,"href":"https:\/\/lesjardinsdumondrain.com\/index.php?rest_route=\/wp\/v2\/users\/1"}],"replies":[{"embeddable":true,"href":"https:\/\/lesjardinsdumondrain.com\/index.php?rest_route=%2Fwp%2Fv2%2Fcomments&post=1339"}],"version-history":[{"count":34,"href":"https:\/\/lesjardinsdumondrain.com\/index.php?rest_route=\/wp\/v2\/pages\/1339\/revisions"}],"predecessor-version":[{"id":1739,"href":"https:\/\/lesjardinsdumondrain.com\/index.php?rest_route=\/wp\/v2\/pages\/1339\/revisions\/1739"}],"up":[{"embeddable":true,"href":"https:\/\/lesjardinsdumondrain.com\/index.php?rest_route=\/wp\/v2\/pages\/216"}],"wp:attachment":[{"href":"https:\/\/lesjardinsdumondrain.com\/index.php?rest_route=%2Fwp%2Fv2%2Fmedia&parent=1339"}],"curies":[{"name":"wp","href":"https:\/\/api.w.org\/{rel}","templated":true}]}}